{"id":185,"date":"2019-01-02T11:28:08","date_gmt":"2019-01-02T11:28:08","guid":{"rendered":"https:\/\/www.mosteirodeoia.com\/home\/"},"modified":"2026-02-09T17:01:42","modified_gmt":"2026-02-09T16:01:42","slug":"home","status":"publish","type":"page","link":"https:\/\/www.mosteirodeoia.com\/gl\/","title":{"rendered":"Home"},"content":{"rendered":"\n<div class=\"wp-block-hacce-wrapper p-0\"><div class=\"bloque_slide_wrap \">\n    <div id=\"slide_id_385923\" class=\"slider_wrap slide_home \">\n\t\t                <div class=\"slide_item\">\n                                            <div class=\"img_wrap\">\n                            <img loading=\"lazy\" decoding=\"async\" width=\"1920\" height=\"840\" src=\"https:\/\/www.mosteirodeoia.com\/wp-content\/uploads\/2019\/03\/slide4.jpg\" class=\"object_fit_explorer\" alt=\"\" srcset=\"https:\/\/www.mosteirodeoia.com\/wp-content\/uploads\/2019\/03\/slide4.jpg 1920w, https:\/\/www.mosteirodeoia.com\/wp-content\/uploads\/2019\/03\/slide4-300x131.jpg 300w, https:\/\/www.mosteirodeoia.com\/wp-content\/uploads\/2019\/03\/slide4-600x263.jpg 600w, https:\/\/www.mosteirodeoia.com\/wp-content\/uploads\/2019\/03\/slide4-768x336.jpg 768w, https:\/\/www.mosteirodeoia.com\/wp-content\/uploads\/2019\/03\/slide4-1024x448.jpg 1024w\" sizes=\"(max-width: 1920px) 100vw, 1920px\" \/>                        <\/div>\n                    \n                        <div class=\"cont_wrap\">\r\n        <div class=\"container\">\r\n\r\n                            <div class=\"antetitulo fadeInDown animated delay-0.5s\">\r\n                    Real Mosteiro de Oia                <\/div>\r\n                                        <h2 class=\"titulo-slide_wrap fadeInDown animated delay-0.2s\">\r\n                    Car\u00e1cter oce\u00e1nico                <\/h2>\r\n                                        <div class=\"texto-slide delay-1s fadeInUp animated delay-0.5s\">\r\n                    <p>Ven co\u00f1ecer o \u00fanico Mosteiro da Orde do C\u00edster situado na beira do mar<\/p>\n                <\/div>\r\n                                <\/div>\r\n    <\/div>\r\n                                    <\/div>\n                            <div class=\"slide_item\">\n                                            <div class=\"img_wrap\">\n                            <img loading=\"lazy\" decoding=\"async\" width=\"1920\" height=\"840\" src=\"https:\/\/www.mosteirodeoia.com\/wp-content\/uploads\/2019\/02\/slide2.jpg\" class=\"object_fit_explorer\" alt=\"\" srcset=\"https:\/\/www.mosteirodeoia.com\/wp-content\/uploads\/2019\/02\/slide2.jpg 1920w, https:\/\/www.mosteirodeoia.com\/wp-content\/uploads\/2019\/02\/slide2-300x131.jpg 300w, https:\/\/www.mosteirodeoia.com\/wp-content\/uploads\/2019\/02\/slide2-600x263.jpg 600w, https:\/\/www.mosteirodeoia.com\/wp-content\/uploads\/2019\/02\/slide2-768x336.jpg 768w, https:\/\/www.mosteirodeoia.com\/wp-content\/uploads\/2019\/02\/slide2-1024x448.jpg 1024w\" sizes=\"(max-width: 1920px) 100vw, 1920px\" \/>                        <\/div>\n                    \n                        <div class=\"cont_wrap\">\r\n        <div class=\"container\">\r\n\r\n                            <div class=\"antetitulo fadeInDown animated delay-0.5s\">\r\n                    Real Mosteiro de Oia                <\/div>\r\n                                        <h2 class=\"titulo-slide_wrap fadeInDown animated delay-0.2s\">\r\n                    Facendo historia dende o s\u00e9culo XII                <\/h2>\r\n                                        <div class=\"texto-slide delay-1s fadeInUp animated delay-0.5s\">\r\n                    <p>Descubre a historia que dende 1149 forxou un lugar \u00fanico<\/p>\n                <\/div>\r\n                                <\/div>\r\n    <\/div>\r\n                                    <\/div>\n                            <div class=\"slide_item\">\n                                            <div class=\"img_wrap\">\n                            <img loading=\"lazy\" decoding=\"async\" width=\"1920\" height=\"840\" src=\"https:\/\/www.mosteirodeoia.com\/wp-content\/uploads\/2019\/03\/slide3.jpg\" class=\"object_fit_explorer\" alt=\"\" srcset=\"https:\/\/www.mosteirodeoia.com\/wp-content\/uploads\/2019\/03\/slide3.jpg 1920w, https:\/\/www.mosteirodeoia.com\/wp-content\/uploads\/2019\/03\/slide3-300x131.jpg 300w, https:\/\/www.mosteirodeoia.com\/wp-content\/uploads\/2019\/03\/slide3-600x263.jpg 600w, https:\/\/www.mosteirodeoia.com\/wp-content\/uploads\/2019\/03\/slide3-768x336.jpg 768w, https:\/\/www.mosteirodeoia.com\/wp-content\/uploads\/2019\/03\/slide3-1024x448.jpg 1024w\" sizes=\"(max-width: 1920px) 100vw, 1920px\" \/>                        <\/div>\n                    \n                        <div class=\"cont_wrap\">\r\n        <div class=\"container\">\r\n\r\n                            <div class=\"antetitulo fadeInDown animated delay-0.5s\">\r\n                    Real Mosteiro de Oia                <\/div>\r\n                                        <h2 class=\"titulo-slide_wrap fadeInDown animated delay-0.2s\">\r\n                    Patrimonio de todos                <\/h2>\r\n                                        <div class=\"texto-slide delay-1s fadeInUp animated delay-0.5s\">\r\n                    <p>O mosteiro de Oia \u00e9, dende 1931, un Ben de Interese Cultural (BIC) e, polo tanto, goza da m\u00e1xima protecci\u00f3n xur\u00eddica en materia de patrimonio hist\u00f3rico.<\/p>\n                <\/div>\r\n                                <\/div>\r\n    <\/div>\r\n                                    <\/div>\n                            <div class=\"slide_item\">\n                                            <div class=\"img_wrap\">\n                            <img loading=\"lazy\" decoding=\"async\" width=\"1920\" height=\"842\" src=\"https:\/\/www.mosteirodeoia.com\/wp-content\/uploads\/2019\/02\/bg_pres.jpg\" class=\"object_fit_explorer\" alt=\"\" srcset=\"https:\/\/www.mosteirodeoia.com\/wp-content\/uploads\/2019\/02\/bg_pres.jpg 1920w, https:\/\/www.mosteirodeoia.com\/wp-content\/uploads\/2019\/02\/bg_pres-300x132.jpg 300w, https:\/\/www.mosteirodeoia.com\/wp-content\/uploads\/2019\/02\/bg_pres-600x263.jpg 600w, https:\/\/www.mosteirodeoia.com\/wp-content\/uploads\/2019\/02\/bg_pres-768x337.jpg 768w, https:\/\/www.mosteirodeoia.com\/wp-content\/uploads\/2019\/02\/bg_pres-1024x449.jpg 1024w\" sizes=\"(max-width: 1920px) 100vw, 1920px\" \/>                        <\/div>\n                    \n                        <div class=\"cont_wrap\">\r\n        <div class=\"container\">\r\n\r\n                            <div class=\"antetitulo fadeInDown animated delay-0.5s\">\r\n                    Real Mosteiro de Oia                <\/div>\r\n                                        <h2 class=\"titulo-slide_wrap fadeInDown animated delay-0.2s\">\r\n                    Naturalmente                <\/h2>\r\n                                        <div class=\"texto-slide delay-1s fadeInUp animated delay-0.5s\">\r\n                    <p>Rodeado dunha natureza salvaxe onde os monxes desenvolveron h\u00e1biles artes de pesca, granxas e a horta monacal, e onde introduciron e desenvolveron a cultura do vi\u00f1o e a cr\u00eda de cabalos en liberdade<\/p>\n                <\/div>\r\n                                <\/div>\r\n    <\/div>\r\n                                    <\/div>\n                        <\/div>\n                <script type=\"text\/javascript\">\n\t\t\tjQuery(document).ready(function ($) {\n\t\t\t\tvar slider = tns({\n\t\t\t\t\t\"container\": '#slide_id_385923',\n\t\t\t\t\t\"autoWidth\": true,\n\t\t\t\t\t\"items\": 1,\n\t\t\t\t\t\"touch\": true,\n\t\t\t\t\t\"speed\": 1000,\n\t\t\t\t\t\"mouseDrag\": true,\n\t\t\t\t\t\"arrowKeys\": false,\n\t\t\t\t\t\"controls\": false,\n\t\t\t\t\t\"autoplayHoverPause\": true,\n\t\t\t\t\t\"autoplayButtonOutput\": false,\n\t\t\t\t\t\"autoplay\": true,\n\t\t\t\t});\n\t\t\t});\n        <\/script>\n    <\/div>\n<\/div>\n\n\n\n<div class=\"wp-block-hacce-wrapper bg_gris pt-5 pb-5\"><div class=\"container\">\n<p class=\"has-text-align-center antetitulo fadeInDown wow\">Real Mosteiro de Oia<\/p>\n\n\n\n<h2 class=\"wp-block-heading has-text-align-center fadeInDown wow\">O Mosteiro<\/h2>\n\n\n\n<p class=\"has-text-align-center fadeIn wow\">O mosteiro de Oia non deixou de evolucionar desde o\ns\u00e9culo&nbsp; XII ata os nosos d\u00edas, alcanzando\nunha superficie constru\u00edda de m\u00e1is de 7.500&nbsp;\nm2 sen contar coa igrexa, actualmente dependente do bispado. <\/p>\n\n\n\n<p class=\"has-text-align-center pb-4 fadeIn wow\">Sit\u00faa o&nbsp; cursor na\nlenda e descobre todos os seus espazos.<\/p>\n\n\n<div class=\"tabs_verticales_wrap\">\r\n        <div class=\"row align-items-center\">\r\n            <div class=\"col-sm-12 col-md-8 col-lg-9\">\r\n                <div class=\"tab-content\">\r\n                    <div class=\"tab-pane active\"\r\n                         id=\"tab0\"> <img loading=\"lazy\" decoding=\"async\" width=\"640\" height=\"470\" src=\"https:\/\/www.mosteirodeoia.com\/wp-content\/uploads\/2019\/03\/mapa1-1.jpg\" class=\"attachment-large size-large\" alt=\"\" srcset=\"https:\/\/www.mosteirodeoia.com\/wp-content\/uploads\/2019\/03\/mapa1-1.jpg 804w, https:\/\/www.mosteirodeoia.com\/wp-content\/uploads\/2019\/03\/mapa1-1-300x220.jpg 300w, https:\/\/www.mosteirodeoia.com\/wp-content\/uploads\/2019\/03\/mapa1-1-600x440.jpg 600w, https:\/\/www.mosteirodeoia.com\/wp-content\/uploads\/2019\/03\/mapa1-1-768x564.jpg 768w\" sizes=\"(max-width: 640px) 100vw, 640px\" \/><\/div>\r\n                                            <div class=\"tab-pane \"\r\n                             id=\"tab1\"><img loading=\"lazy\" decoding=\"async\" width=\"640\" height=\"470\" src=\"https:\/\/www.mosteirodeoia.com\/wp-content\/uploads\/2019\/03\/1_atrio.jpg\" class=\"attachment-large size-large\" alt=\"\" srcset=\"https:\/\/www.mosteirodeoia.com\/wp-content\/uploads\/2019\/03\/1_atrio.jpg 804w, https:\/\/www.mosteirodeoia.com\/wp-content\/uploads\/2019\/03\/1_atrio-300x220.jpg 300w, https:\/\/www.mosteirodeoia.com\/wp-content\/uploads\/2019\/03\/1_atrio-600x440.jpg 600w, https:\/\/www.mosteirodeoia.com\/wp-content\/uploads\/2019\/03\/1_atrio-768x564.jpg 768w\" sizes=\"(max-width: 640px) 100vw, 640px\" \/><\/div>\r\n\r\n                                                <div class=\"tab-pane \"\r\n                             id=\"tab2\"><img loading=\"lazy\" decoding=\"async\" width=\"640\" height=\"470\" src=\"https:\/\/www.mosteirodeoia.com\/wp-content\/uploads\/2019\/03\/2_iglesia.jpg\" class=\"attachment-large size-large\" alt=\"\" srcset=\"https:\/\/www.mosteirodeoia.com\/wp-content\/uploads\/2019\/03\/2_iglesia.jpg 804w, https:\/\/www.mosteirodeoia.com\/wp-content\/uploads\/2019\/03\/2_iglesia-300x220.jpg 300w, https:\/\/www.mosteirodeoia.com\/wp-content\/uploads\/2019\/03\/2_iglesia-600x440.jpg 600w, https:\/\/www.mosteirodeoia.com\/wp-content\/uploads\/2019\/03\/2_iglesia-768x564.jpg 768w\" sizes=\"(max-width: 640px) 100vw, 640px\" \/><\/div>\r\n\r\n                                                <div class=\"tab-pane \"\r\n                             id=\"tab3\"><img loading=\"lazy\" decoding=\"async\" width=\"640\" height=\"470\" src=\"https:\/\/www.mosteirodeoia.com\/wp-content\/uploads\/2019\/03\/3_torre.jpg\" class=\"attachment-large size-large\" alt=\"\" srcset=\"https:\/\/www.mosteirodeoia.com\/wp-content\/uploads\/2019\/03\/3_torre.jpg 804w, https:\/\/www.mosteirodeoia.com\/wp-content\/uploads\/2019\/03\/3_torre-300x220.jpg 300w, https:\/\/www.mosteirodeoia.com\/wp-content\/uploads\/2019\/03\/3_torre-600x440.jpg 600w, https:\/\/www.mosteirodeoia.com\/wp-content\/uploads\/2019\/03\/3_torre-768x564.jpg 768w\" sizes=\"(max-width: 640px) 100vw, 640px\" \/><\/div>\r\n\r\n                                                <div class=\"tab-pane \"\r\n                             id=\"tab4\"><img loading=\"lazy\" decoding=\"async\" width=\"640\" height=\"470\" src=\"https:\/\/www.mosteirodeoia.com\/wp-content\/uploads\/2019\/03\/4_plaza_armas.jpg\" class=\"attachment-large size-large\" alt=\"\" srcset=\"https:\/\/www.mosteirodeoia.com\/wp-content\/uploads\/2019\/03\/4_plaza_armas.jpg 804w, https:\/\/www.mosteirodeoia.com\/wp-content\/uploads\/2019\/03\/4_plaza_armas-300x220.jpg 300w, https:\/\/www.mosteirodeoia.com\/wp-content\/uploads\/2019\/03\/4_plaza_armas-600x440.jpg 600w, https:\/\/www.mosteirodeoia.com\/wp-content\/uploads\/2019\/03\/4_plaza_armas-768x564.jpg 768w\" sizes=\"(max-width: 640px) 100vw, 640px\" \/><\/div>\r\n\r\n                                                <div class=\"tab-pane \"\r\n                             id=\"tab5\"><img loading=\"lazy\" decoding=\"async\" width=\"640\" height=\"470\" src=\"https:\/\/www.mosteirodeoia.com\/wp-content\/uploads\/2019\/03\/5_enfermeria_jesuitas.jpg\" class=\"attachment-large size-large\" alt=\"\" srcset=\"https:\/\/www.mosteirodeoia.com\/wp-content\/uploads\/2019\/03\/5_enfermeria_jesuitas.jpg 804w, https:\/\/www.mosteirodeoia.com\/wp-content\/uploads\/2019\/03\/5_enfermeria_jesuitas-300x220.jpg 300w, https:\/\/www.mosteirodeoia.com\/wp-content\/uploads\/2019\/03\/5_enfermeria_jesuitas-600x440.jpg 600w, https:\/\/www.mosteirodeoia.com\/wp-content\/uploads\/2019\/03\/5_enfermeria_jesuitas-768x564.jpg 768w\" sizes=\"(max-width: 640px) 100vw, 640px\" \/><\/div>\r\n\r\n                                                <div class=\"tab-pane \"\r\n                             id=\"tab6\"><img loading=\"lazy\" decoding=\"async\" width=\"640\" height=\"470\" src=\"https:\/\/www.mosteirodeoia.com\/wp-content\/uploads\/2019\/03\/6_claustro_procesiones.jpg\" class=\"attachment-large size-large\" alt=\"\" srcset=\"https:\/\/www.mosteirodeoia.com\/wp-content\/uploads\/2019\/03\/6_claustro_procesiones.jpg 804w, https:\/\/www.mosteirodeoia.com\/wp-content\/uploads\/2019\/03\/6_claustro_procesiones-300x220.jpg 300w, https:\/\/www.mosteirodeoia.com\/wp-content\/uploads\/2019\/03\/6_claustro_procesiones-600x440.jpg 600w, https:\/\/www.mosteirodeoia.com\/wp-content\/uploads\/2019\/03\/6_claustro_procesiones-768x564.jpg 768w\" sizes=\"(max-width: 640px) 100vw, 640px\" \/><\/div>\r\n\r\n                                                <div class=\"tab-pane \"\r\n                             id=\"tab7\"><img loading=\"lazy\" decoding=\"async\" width=\"640\" height=\"470\" src=\"https:\/\/www.mosteirodeoia.com\/wp-content\/uploads\/2019\/03\/9_alasur_bodegas.jpg\" class=\"attachment-large size-large\" alt=\"\" srcset=\"https:\/\/www.mosteirodeoia.com\/wp-content\/uploads\/2019\/03\/9_alasur_bodegas.jpg 804w, https:\/\/www.mosteirodeoia.com\/wp-content\/uploads\/2019\/03\/9_alasur_bodegas-300x220.jpg 300w, https:\/\/www.mosteirodeoia.com\/wp-content\/uploads\/2019\/03\/9_alasur_bodegas-600x440.jpg 600w, https:\/\/www.mosteirodeoia.com\/wp-content\/uploads\/2019\/03\/9_alasur_bodegas-768x564.jpg 768w\" sizes=\"(max-width: 640px) 100vw, 640px\" \/><\/div>\r\n\r\n                                                <div class=\"tab-pane \"\r\n                             id=\"tab8\"><img loading=\"lazy\" decoding=\"async\" width=\"640\" height=\"470\" src=\"https:\/\/www.mosteirodeoia.com\/wp-content\/uploads\/2019\/03\/8_patio_naranjos.jpg\" class=\"attachment-large size-large\" alt=\"\" srcset=\"https:\/\/www.mosteirodeoia.com\/wp-content\/uploads\/2019\/03\/8_patio_naranjos.jpg 804w, https:\/\/www.mosteirodeoia.com\/wp-content\/uploads\/2019\/03\/8_patio_naranjos-300x220.jpg 300w, https:\/\/www.mosteirodeoia.com\/wp-content\/uploads\/2019\/03\/8_patio_naranjos-600x440.jpg 600w, https:\/\/www.mosteirodeoia.com\/wp-content\/uploads\/2019\/03\/8_patio_naranjos-768x564.jpg 768w\" sizes=\"(max-width: 640px) 100vw, 640px\" \/><\/div>\r\n\r\n                                                <div class=\"tab-pane \"\r\n                             id=\"tab9\"><img loading=\"lazy\" decoding=\"async\" width=\"640\" height=\"470\" src=\"https:\/\/www.mosteirodeoia.com\/wp-content\/uploads\/2019\/03\/7_alanorte_granero.jpg\" class=\"attachment-large size-large\" alt=\"\" srcset=\"https:\/\/www.mosteirodeoia.com\/wp-content\/uploads\/2019\/03\/7_alanorte_granero.jpg 804w, https:\/\/www.mosteirodeoia.com\/wp-content\/uploads\/2019\/03\/7_alanorte_granero-300x220.jpg 300w, https:\/\/www.mosteirodeoia.com\/wp-content\/uploads\/2019\/03\/7_alanorte_granero-600x440.jpg 600w, https:\/\/www.mosteirodeoia.com\/wp-content\/uploads\/2019\/03\/7_alanorte_granero-768x564.jpg 768w\" sizes=\"(max-width: 640px) 100vw, 640px\" \/><\/div>\r\n\r\n                                                <div class=\"tab-pane \"\r\n                             id=\"tab10\"><img loading=\"lazy\" decoding=\"async\" width=\"640\" height=\"470\" src=\"https:\/\/www.mosteirodeoia.com\/wp-content\/uploads\/2019\/03\/10_patio_limones.jpg\" class=\"attachment-large size-large\" alt=\"\" srcset=\"https:\/\/www.mosteirodeoia.com\/wp-content\/uploads\/2019\/03\/10_patio_limones.jpg 804w, https:\/\/www.mosteirodeoia.com\/wp-content\/uploads\/2019\/03\/10_patio_limones-300x220.jpg 300w, https:\/\/www.mosteirodeoia.com\/wp-content\/uploads\/2019\/03\/10_patio_limones-600x440.jpg 600w, https:\/\/www.mosteirodeoia.com\/wp-content\/uploads\/2019\/03\/10_patio_limones-768x564.jpg 768w\" sizes=\"(max-width: 640px) 100vw, 640px\" \/><\/div>\r\n\r\n                                                <div class=\"tab-pane \"\r\n                             id=\"tab11\"><img loading=\"lazy\" decoding=\"async\" width=\"640\" height=\"470\" src=\"https:\/\/www.mosteirodeoia.com\/wp-content\/uploads\/2019\/03\/11_huerta_monacal.jpg\" class=\"attachment-large size-large\" alt=\"\" srcset=\"https:\/\/www.mosteirodeoia.com\/wp-content\/uploads\/2019\/03\/11_huerta_monacal.jpg 804w, https:\/\/www.mosteirodeoia.com\/wp-content\/uploads\/2019\/03\/11_huerta_monacal-300x220.jpg 300w, https:\/\/www.mosteirodeoia.com\/wp-content\/uploads\/2019\/03\/11_huerta_monacal-600x440.jpg 600w, https:\/\/www.mosteirodeoia.com\/wp-content\/uploads\/2019\/03\/11_huerta_monacal-768x564.jpg 768w\" sizes=\"(max-width: 640px) 100vw, 640px\" \/><\/div>\r\n\r\n                                        <\/div>\r\n            <\/div>\r\n            <div class=\"col-12 col-md-4 col-lg-3 tabs_wrap\">\r\n                <ul class=\"nav nav-tabs tabs-left\">\r\n                    <li class=\"\">\r\n                        <a class=\"active\" href=\"#tab0\" data-toggle=\"tab\">Imaxe completa<\/a>\r\n                    <\/li>\r\n                                            <li>\r\n                            <a class=\"\" href=\"#tab1\" data-toggle=\"tab\"><span>1. <\/span>Adro                            <\/a>\r\n                        <\/li>\r\n                                                <li>\r\n                            <a class=\"\" href=\"#tab2\" data-toggle=\"tab\"><span>2. <\/span>Igrexa                            <\/a>\r\n                        <\/li>\r\n                                                <li>\r\n                            <a class=\"\" href=\"#tab3\" data-toggle=\"tab\"><span>3. <\/span>Torre do Campanario                            <\/a>\r\n                        <\/li>\r\n                                                <li>\r\n                            <a class=\"\" href=\"#tab4\" data-toggle=\"tab\"><span>4. <\/span>Praza de armas                            <\/a>\r\n                        <\/li>\r\n                                                <li>\r\n                            <a class=\"\" href=\"#tab5\" data-toggle=\"tab\"><span>5. <\/span>Corpo de garda \/ Enfermer\u00eda Xesuita                            <\/a>\r\n                        <\/li>\r\n                                                <li>\r\n                            <a class=\"\" href=\"#tab6\" data-toggle=\"tab\"><span>6. <\/span>Claustro das procesi\u00f3ns                            <\/a>\r\n                        <\/li>\r\n                                                <li>\r\n                            <a class=\"\" href=\"#tab7\" data-toggle=\"tab\"><span>7. <\/span>\u00c1 Sur. Bodegas                            <\/a>\r\n                        <\/li>\r\n                                                <li>\r\n                            <a class=\"\" href=\"#tab8\" data-toggle=\"tab\"><span>8. <\/span>Patio das Laranxeiras                            <\/a>\r\n                        <\/li>\r\n                                                <li>\r\n                            <a class=\"\" href=\"#tab9\" data-toggle=\"tab\"><span>9. <\/span>\u00c1 Norte. Celeiro                            <\/a>\r\n                        <\/li>\r\n                                                <li>\r\n                            <a class=\"\" href=\"#tab10\" data-toggle=\"tab\"><span>10. <\/span>Patio dos Limoeiros                            <\/a>\r\n                        <\/li>\r\n                                                <li>\r\n                            <a class=\"\" href=\"#tab11\" data-toggle=\"tab\"><span>11. <\/span>Horta monacal                            <\/a>\r\n                        <\/li>\r\n                                        <\/ul>\r\n            <\/div>\r\n        <\/div>\r\n    <\/div>\r\n<\/div><\/div>\n\n\n\n<div class=\"wp-block-hacce-wrapper\"><div  class=\"bloque-video\">\r\n    <div class=\"cover\" style=\"background-image: url(https:\/\/www.mosteirodeoia.com\/wp-content\/uploads\/2019\/02\/video_bg.jpg)\">\r\n        <img decoding=\"async\" class=\"play\" src=\"https:\/\/www.mosteirodeoia.com\/wp-content\/themes\/monasterio\/images\/video\/play.png\" \/>\r\n        <img decoding=\"async\" class=\"spinner\" src=\"https:\/\/www.mosteirodeoia.com\/wp-content\/themes\/monasterio\/images\/video\/spinner-circle.png\" \/>\r\n\r\n    <\/div>\r\n            <div class=\"texto_video_chachi\">\r\n            <div class=\"container-fluid\">\r\n                <div class=\"texto_video_chachi_int fadeIn wow\" data-wow-delay=\"0.4s\" >\r\n                    <h2>Co\u00f1eces o Mosteiro?<\/h2>\n<p>Activa o son e vive un paseo \u00fanico<\/p>\n                <\/div>\r\n            <\/div>\r\n        <\/div>\r\n        <div class=\"container-fluid video_chachi_wrap\">\r\n        <div id=\"video-Us-ymiY-rBs\" class=\"player\" data-video=\"Us-ymiY-rBs\"><\/div>\r\n    <\/div>\r\n<\/div>\r\n\r\n<\/div>\n\n\n\n<div class=\"wp-block-hacce-texto-foto undefined huerta_bloque\"><div class=\"texto\">\n<p class=\"has-text-align-center antetitulo fadeInDown wow\">Real Mosteiro de Oia<\/p>\n\n\n\n<h2 class=\"wp-block-heading has-text-align-center fadeInDown wow\">Historia<\/h2>\n\n\n\n<p class=\"has-text-align-center fadeIn wow\">  Descobre os fitos m\u00e1is destacables da historia do Mosteiro de Oia. <\/p>\n\n\n\n<div class=\"wp-block-button aligncenter fadeInUp wow\"><a class=\"wp-block-button__link has-azul-background-color has-background wp-element-button\" href=\"\/?page_id=1294\">M\u00e1is info<\/a><\/div>\n<\/div><div class=\"foto\"><img decoding=\"async\" src=\"https:\/\/www.mosteirodeoia.com\/wp-content\/uploads\/2019\/04\/Historia_portada.jpg\" alt=\"\"\/><\/div><\/div>\n\n\n\n<div class=\"wp-block-hacce-texto-foto inverted undefined\"><div class=\"texto\">\n<p class=\"has-text-align-center antetitulo fadeInDown wow\">Real Mosteiro de Oia<\/p>\n\n\n\n<h2 class=\"wp-block-heading has-text-align-center fadeInDown wow\">Documental: Un Mosteiro, un fogar<\/h2>\n\n\n\n<p class=\"has-text-align-center\">Descobre a etapa m\u00e1is desco\u00f1ecida do Mosteiro de Oia, os seus \u00faltimos 150 anos, contada polas familias que o habitaron, veci\u00f1os que traballaron e historiadores que o estudaron.<\/p>\n\n\n\n<div class=\"wp-block-buttons is-layout-flex wp-block-buttons-is-layout-flex\">\n<div class=\"wp-block-button aligncenter fadeInUp wow\"><a class=\"wp-block-button__link has-azul-background-color has-background wp-element-button\" href=\"https:\/\/vimeo.com\/975007639\">M\u00e1is info<\/a><\/div>\n<\/div>\n<\/div><div class=\"foto\"><img decoding=\"async\" src=\"https:\/\/www.mosteirodeoia.com\/wp-content\/uploads\/2026\/02\/rl_proyecto.jpg\" alt=\"\"\/><\/div><\/div>\n\n\n\n<div class=\"wp-block-hacce-texto-foto undefined\"><div class=\"texto\">\n<p class=\"has-text-align-center antetitulo fadeInDown wow\">Real Mosteiro de Oia<\/p>\n\n\n\n<h2 class=\"wp-block-heading has-text-align-center fadeInDown wow\">Visita o Mosteiro<\/h2>\n\n\n\n<p class=\"has-text-align-center\">Ven a disfrutar das marabillas dun Ben de Interese Cultural \u00fanico. Experimenta de primeira man as diferentes \u00e9pocas e historias vividas nun enclave sen igual.<\/p>\n<\/div><div class=\"foto\"><img decoding=\"async\" src=\"https:\/\/www.mosteirodeoia.com\/wp-content\/uploads\/2026\/02\/Visita-o-Mosteiro.jpg\" alt=\"\"\/><\/div><\/div>\n\n\n\n<div class=\"wp-block-hacce-texto-foto inverted undefined\"><div class=\"texto\">\n<p class=\"has-text-align-center antetitulo fadeInDown wow\">Real Mosteiro de Oia<\/p>\n\n\n\n<h2 class=\"wp-block-heading has-text-align-center fadeInDown wow\">O proxecto<\/h2>\n\n\n\n<p class=\"has-text-align-center\">O compromiso de residencial Mosteiro de Oia S.A. co Mosteiro \u00e9 absoluto. Oia xurdiu e creceu ao redor do Mosteiro. O noso proxecto busca que volva a ser o eixo central do municipio: achegando valor e crecemento econ\u00f3mico, configur\u00e1ndose como o centro da vida local, atraendo visitantes e novas oportunidades de desenvolvemento.<\/p>\n\n\n\n<div class=\"wp-block-buttons is-layout-flex wp-block-buttons-is-layout-flex\">\n<div class=\"wp-block-button aligncenter fadeInUp wow\"><a class=\"wp-block-button__link has-azul-background-color has-background wp-element-button\" href=\"https:\/\/www.mosteirodeoia.com\/gl\/proxecto-de-recuperacion\/\">M\u00e1is info<\/a><\/div>\n<\/div>\n<\/div><div class=\"foto\"><img decoding=\"async\" src=\"https:\/\/www.mosteirodeoia.com\/wp-content\/uploads\/2023\/12\/foto-aerea-rehabilitacion-mosteiro-oia.jpg\" alt=\"\"\/><\/div><\/div>\n\n\n\n<div class=\"wp-block-hacce-wrapper bg_gris pt-5 pb-5\">\n<p class=\"has-text-align-center antetitulo fadeInDown wow\">Real Mosteiro de Oia<\/p>\n\n\n\n<h2 class=\"wp-block-heading has-text-align-center fadeInDown wow\">Noticias<\/h2>\n\n\n\r\n<div class=\"container-fluid p-0\">\r\n    <div class=\"row pt-3 m-0\">\r\n                    <div class=\"col-md-6 col-lg-4 p-0\">\r\n            <div class=\"post_bg_img_item fake-a\">\n    <div class=\"imagen-loop-item\">\n                <img decoding=\"async\" src=\"https:\/\/www.mosteirodeoia.com\/wp-content\/uploads\/2026\/03\/portada-1024x667.jpg\" alt=\"\" class=\"imagen_listado_item\" \/>\n\n    <\/div>\n    <div class=\"cont_noticia d-flex align-items-center justify-content-center\">\n        <div class=\"cont_noticia-agrupado\">\n        <h3>\n            <a href=\"https:\/\/www.mosteirodeoia.com\/gl\/un-mosteiro-un-mar-de-historias-un-novo-libro-para-descubrir-o-mosteiro-de-oia\/\">\n                Un Mosteiro, un mar de historia(s): un novo libro&#8230;            <\/a>\n        <\/h3>\n        <div class=\"texto_noticia\">\n            Un Mosteiro, un mar de historia(s) xa est\u00e1 dispo\u00f1ible e sup\u00f3n unha nova oportunidade&#8230;\n        <\/div>\n        <div class=\"btn_wrap\">\n            <button class=\" btn-link\">Ler ma\u00eds <\/button>\n        <\/div>\n        <\/div>\n    <\/div>\n   \n\n\n<\/div>\n            <\/div>\r\n                    <div class=\"col-md-6 col-lg-4 p-0\">\r\n            <div class=\"post_bg_img_item fake-a\">\n    <div class=\"imagen-loop-item\">\n                <img decoding=\"async\" src=\"https:\/\/www.mosteirodeoia.com\/wp-content\/uploads\/2026\/02\/Mesa-de-trabajo-2-copia-2-100.jpg\" alt=\"\" class=\"imagen_listado_item\" \/>\n\n    <\/div>\n    <div class=\"cont_noticia d-flex align-items-center justify-content-center\">\n        <div class=\"cont_noticia-agrupado\">\n        <h3>\n            <a href=\"https:\/\/www.mosteirodeoia.com\/gl\/vive-o-real-mosteiro-de-oia-esta-semana-santa-2026\/\">\n                Vive o Real Mosteiro de Oia esta Semana Santa&#8230;            <\/a>\n        <\/h3>\n        <div class=\"texto_noticia\">\n            Explora diferentes estancias, pasea polos xard\u00edns e descobre la historia e segredos del Mosteiro&#8230;\n        <\/div>\n        <div class=\"btn_wrap\">\n            <button class=\" btn-link\">Ler ma\u00eds <\/button>\n        <\/div>\n        <\/div>\n    <\/div>\n   \n\n\n<\/div>\n            <\/div>\r\n                    <div class=\"col-md-6 col-lg-4 p-0\">\r\n            <div class=\"post_bg_img_item fake-a\">\n    <div class=\"imagen-loop-item\">\n                <img decoding=\"async\" src=\"https:\/\/www.mosteirodeoia.com\/wp-content\/uploads\/2025\/12\/serra-da-groba-1024x680.jpg\" alt=\"\" class=\"imagen_listado_item\" \/>\n\n    <\/div>\n    <div class=\"cont_noticia d-flex align-items-center justify-content-center\">\n        <div class=\"cont_noticia-agrupado\">\n        <h3>\n            <a href=\"https:\/\/www.mosteirodeoia.com\/gl\/a-tenda-online-da-editorial-serra-da-groba-xa-esta-aberta-leva-as-historias-do-mosteiro-de-oia-contigo\/\">\n                A tenda online da editorial Serra da Groba xa&#8230;            <\/a>\n        <\/h3>\n        <div class=\"texto_noticia\">\n            A editorial Serra da Groba Edici\u00f3ns, promovida pola Fundaci\u00f3n Bretal, estreou a s\u00faa nova&#8230;\n        <\/div>\n        <div class=\"btn_wrap\">\n            <button class=\" btn-link\">Ler ma\u00eds <\/button>\n        <\/div>\n        <\/div>\n    <\/div>\n   \n\n\n<\/div>\n            <\/div>\r\n            <\/div>\r\n    <div class=\"row m-0 text-center pt-4 justify-content-center\">\r\n        <div class=\"btn_wrap margin-auto\">\r\n            <a class=\"btn\" href=\"https:\/\/www.mosteirodeoia.com\/gl\/noticias\/\">Ver todas            <\/a>\r\n        <\/div>\r\n    <\/div>\r\n<\/div>\r\n<\/div>\n","protected":false},"excerpt":{"rendered":"","protected":false},"author":1,"featured_media":0,"parent":0,"menu_order":0,"comment_status":"closed","ping_status":"closed","template":"","meta":{"_editorskit_title_hidden":false,"_editorskit_reading_time":0,"_editorskit_is_block_options_detached":false,"_editorskit_block_options_position":"{}","_coblocks_attr":"","_coblocks_dimensions":"","_coblocks_responsive_height":"","_coblocks_accordion_ie_support":"","footnotes":""},"class_list":["post-185","page","type-page","status-publish","hentry"],"acf":[],"_links":{"self":[{"href":"https:\/\/www.mosteirodeoia.com\/gl\/wp-json\/wp\/v2\/pages\/185"}],"collection":[{"href":"https:\/\/www.mosteirodeoia.com\/gl\/wp-json\/wp\/v2\/pages"}],"about":[{"href":"https:\/\/www.mosteirodeoia.com\/gl\/wp-json\/wp\/v2\/types\/page"}],"author":[{"embeddable":true,"href":"https:\/\/www.mosteirodeoia.com\/gl\/wp-json\/wp\/v2\/users\/1"}],"replies":[{"embeddable":true,"href":"https:\/\/www.mosteirodeoia.com\/gl\/wp-json\/wp\/v2\/comments?post=185"}],"version-history":[{"count":9,"href":"https:\/\/www.mosteirodeoia.com\/gl\/wp-json\/wp\/v2\/pages\/185\/revisions"}],"predecessor-version":[{"id":62072,"href":"https:\/\/www.mosteirodeoia.com\/gl\/wp-json\/wp\/v2\/pages\/185\/revisions\/62072"}],"wp:attachment":[{"href":"https:\/\/www.mosteirodeoia.com\/gl\/wp-json\/wp\/v2\/media?parent=185"}],"curies":[{"name":"wp","href":"https:\/\/api.w.org\/{rel}","templated":true}]}}