{"id":1294,"date":"2019-03-01T09:09:56","date_gmt":"2019-03-01T09:09:56","guid":{"rendered":"https:\/\/www.mosteirodeoia.com\/historia\/"},"modified":"2023-08-11T14:54:06","modified_gmt":"2023-08-11T12:54:06","slug":"historia","status":"publish","type":"page","link":"https:\/\/www.mosteirodeoia.com\/gl\/historia\/","title":{"rendered":"Historia"},"content":{"rendered":"\n<div class=\"listado-overlay  pb-5\">\n    <div class=\"container-fluid p-0 \">\n        <div class=\"row m-0 \">\n                            <style type=\"text\/css\">\n    .overlay_item.overlay_item1.defecto_img_wrap {\n        background-color: #1e6593;\n    }\n\n<\/style>\n<div class=\"overlay_item col p-0 overlay_item1 \">\n    <div class=\"contenido_item_overlay\">\n                <div class=\"imagen_overlay\">\n                <img loading=\"lazy\" decoding=\"async\" width=\"640\" height=\"349\" src=\"https:\/\/www.mosteirodeoia.com\/wp-content\/uploads\/2019\/04\/1149-1024x558.jpg\" class=\"imagen_listado_item wp-post-image\" alt=\"\" srcset=\"https:\/\/www.mosteirodeoia.com\/wp-content\/uploads\/2019\/04\/1149-1024x558.jpg 1024w, https:\/\/www.mosteirodeoia.com\/wp-content\/uploads\/2019\/04\/1149-300x164.jpg 300w, https:\/\/www.mosteirodeoia.com\/wp-content\/uploads\/2019\/04\/1149-768x419.jpg 768w, https:\/\/www.mosteirodeoia.com\/wp-content\/uploads\/2019\/04\/1149-600x327.jpg 600w, https:\/\/www.mosteirodeoia.com\/wp-content\/uploads\/2019\/04\/1149.jpg 1300w\" sizes=\"(max-width: 640px) 100vw, 640px\" \/>\n            <\/div>\n                <div class=\"cont_overlay\">\n            <h3>\n                1149            <\/h3>\n            <div class=\"texto_overlay\">\n                Primeiro documento fiable. Doaz\u00f3n real de Afonso VII, quen concede Moug\u00e1s, Viladesuso e Pedornes aos monxes de Oia.\r\n\r\n&nbsp;            <\/div>\n\n        <\/div>\n    <\/div>\n<\/div>\n                                <style type=\"text\/css\">\n    .overlay_item.overlay_item2.defecto_img_wrap {\n        background-color: #1e6593;\n    }\n\n<\/style>\n<div class=\"overlay_item col p-0 overlay_item2 \">\n    <div class=\"contenido_item_overlay\">\n                <div class=\"imagen_overlay\">\n                <img loading=\"lazy\" decoding=\"async\" width=\"580\" height=\"580\" src=\"https:\/\/www.mosteirodeoia.com\/wp-content\/uploads\/2019\/03\/1.jpg\" class=\"imagen_listado_item wp-post-image\" alt=\"\" srcset=\"https:\/\/www.mosteirodeoia.com\/wp-content\/uploads\/2019\/03\/1.jpg 580w, https:\/\/www.mosteirodeoia.com\/wp-content\/uploads\/2019\/03\/1-150x150.jpg 150w, https:\/\/www.mosteirodeoia.com\/wp-content\/uploads\/2019\/03\/1-300x300.jpg 300w, https:\/\/www.mosteirodeoia.com\/wp-content\/uploads\/2019\/03\/1-100x100.jpg 100w\" sizes=\"(max-width: 580px) 100vw, 580px\" \/>\n            <\/div>\n                <div class=\"cont_overlay\">\n            <h3>\n                1185            <\/h3>\n            <div class=\"texto_overlay\">\n                S\u00famase \u00e1 Orde do C\u00edster             <\/div>\n\n        <\/div>\n    <\/div>\n<\/div>\n                                <style type=\"text\/css\">\n    .overlay_item.overlay_item3.defecto_img_wrap {\n        background-color: #317775;\n    }\n\n<\/style>\n<div class=\"overlay_item col p-0 overlay_item3 \">\n    <div class=\"contenido_item_overlay\">\n                <div class=\"imagen_overlay\">\n                <img loading=\"lazy\" decoding=\"async\" width=\"640\" height=\"415\" src=\"https:\/\/www.mosteirodeoia.com\/wp-content\/uploads\/2019\/03\/1201-1.jpg\" class=\"imagen_listado_item wp-post-image\" alt=\"\" srcset=\"https:\/\/www.mosteirodeoia.com\/wp-content\/uploads\/2019\/03\/1201-1.jpg 709w, https:\/\/www.mosteirodeoia.com\/wp-content\/uploads\/2019\/03\/1201-1-300x195.jpg 300w, https:\/\/www.mosteirodeoia.com\/wp-content\/uploads\/2019\/03\/1201-1-600x389.jpg 600w\" sizes=\"(max-width: 640px) 100vw, 640px\" \/>\n            <\/div>\n                <div class=\"cont_overlay\">\n            <h3>\n                1201            <\/h3>\n            <div class=\"texto_overlay\">\n                Doaz\u00f3n real Afonso IX: igrexa de Baiona e exime ao mosteiro de pagar tributo no seu porto. Primeira alusi\u00f3n \u00e1 cr\u00eda de cabalos salvaxes nos montes de Oia.            <\/div>\n\n        <\/div>\n    <\/div>\n<\/div>\n                                <style type=\"text\/css\">\n    .overlay_item.overlay_item4.defecto_img_wrap {\n        background-color: #722225;\n    }\n\n<\/style>\n<div class=\"overlay_item col p-0 overlay_item4 \">\n    <div class=\"contenido_item_overlay\">\n                <div class=\"imagen_overlay\">\n                <img loading=\"lazy\" decoding=\"async\" width=\"640\" height=\"361\" src=\"https:\/\/www.mosteirodeoia.com\/wp-content\/uploads\/2019\/03\/1228-1024x577.jpg\" class=\"imagen_listado_item wp-post-image\" alt=\"\" srcset=\"https:\/\/www.mosteirodeoia.com\/wp-content\/uploads\/2019\/03\/1228-1024x577.jpg 1024w, https:\/\/www.mosteirodeoia.com\/wp-content\/uploads\/2019\/03\/1228-300x169.jpg 300w, https:\/\/www.mosteirodeoia.com\/wp-content\/uploads\/2019\/03\/1228-600x338.jpg 600w, https:\/\/www.mosteirodeoia.com\/wp-content\/uploads\/2019\/03\/1228-768x433.jpg 768w, https:\/\/www.mosteirodeoia.com\/wp-content\/uploads\/2019\/03\/1228.jpg 1542w\" sizes=\"(max-width: 640px) 100vw, 640px\" \/>\n            <\/div>\n                <div class=\"cont_overlay\">\n            <h3>\n                1228            <\/h3>\n            <div class=\"texto_overlay\">\n                Afonso IX d\u00f3alle a illa m\u00e1is ao sur das Illas C\u00edes (San Mart\u00edn)             <\/div>\n\n        <\/div>\n    <\/div>\n<\/div>\n                                <style type=\"text\/css\">\n    .overlay_item.overlay_item5.defecto_img_wrap {\n        background-color: #722225;\n    }\n\n<\/style>\n<div class=\"overlay_item col p-0 overlay_item5 \">\n    <div class=\"contenido_item_overlay\">\n                <div class=\"imagen_overlay\">\n                <img loading=\"lazy\" decoding=\"async\" width=\"397\" height=\"485\" src=\"https:\/\/www.mosteirodeoia.com\/wp-content\/uploads\/2019\/03\/1231.jpg\" class=\"imagen_listado_item wp-post-image\" alt=\"\" srcset=\"https:\/\/www.mosteirodeoia.com\/wp-content\/uploads\/2019\/03\/1231.jpg 397w, https:\/\/www.mosteirodeoia.com\/wp-content\/uploads\/2019\/03\/1231-300x366.jpg 300w, https:\/\/www.mosteirodeoia.com\/wp-content\/uploads\/2019\/03\/1231-246x300.jpg 246w\" sizes=\"(max-width: 397px) 100vw, 397px\" \/>\n            <\/div>\n                <div class=\"cont_overlay\">\n            <h3>\n                1231            <\/h3>\n            <div class=\"texto_overlay\">\n                Fernando III, xunto coa s\u00faa muller dona Beatriz e os seus fillos, e co consentimento da s\u00faa nai dona Berenguela, confirma ao mosteiro de Santa Mar\u00eda de Oia t\u00f3dalas herdades, igrexas, doaz\u00f3ns, liberdades e privilexios que lles foran concedidos por Afonso VII, Fernando II e Afonso IX.            <\/div>\n\n        <\/div>\n    <\/div>\n<\/div>\n                                <style type=\"text\/css\">\n    .overlay_item.overlay_item6.defecto_img_wrap {\n        background-color: #1e6593;\n    }\n\n<\/style>\n<div class=\"overlay_item col p-0 overlay_item6 \">\n    <div class=\"contenido_item_overlay\">\n                <div class=\"imagen_overlay\">\n                <img loading=\"lazy\" decoding=\"async\" width=\"637\" height=\"517\" src=\"https:\/\/www.mosteirodeoia.com\/wp-content\/uploads\/2019\/03\/1280.jpg\" class=\"imagen_listado_item wp-post-image\" alt=\"\" srcset=\"https:\/\/www.mosteirodeoia.com\/wp-content\/uploads\/2019\/03\/1280.jpg 637w, https:\/\/www.mosteirodeoia.com\/wp-content\/uploads\/2019\/03\/1280-300x243.jpg 300w, https:\/\/www.mosteirodeoia.com\/wp-content\/uploads\/2019\/03\/1280-600x487.jpg 600w\" sizes=\"(max-width: 637px) 100vw, 637px\" \/>\n            <\/div>\n                <div class=\"cont_overlay\">\n            <h3>\n                1280            <\/h3>\n            <div class=\"texto_overlay\">\n                O rei de Portugal Dionisio I t\u00f3maos baixo a s\u00faa garda e protecci\u00f3n xunto con t\u00f3dalas s\u00faas propiedades en Portugal.            <\/div>\n\n        <\/div>\n    <\/div>\n<\/div>\n                                <style type=\"text\/css\">\n    .overlay_item.overlay_item7.defecto_img_wrap {\n        background-color: #722225;\n    }\n\n<\/style>\n<div class=\"overlay_item col p-0 overlay_item7 \">\n    <div class=\"contenido_item_overlay\">\n                <div class=\"imagen_overlay\">\n                <img loading=\"lazy\" decoding=\"async\" width=\"640\" height=\"349\" src=\"https:\/\/www.mosteirodeoia.com\/wp-content\/uploads\/2019\/04\/1149-1024x558.jpg\" class=\"imagen_listado_item wp-post-image\" alt=\"\" srcset=\"https:\/\/www.mosteirodeoia.com\/wp-content\/uploads\/2019\/04\/1149-1024x558.jpg 1024w, https:\/\/www.mosteirodeoia.com\/wp-content\/uploads\/2019\/04\/1149-300x164.jpg 300w, https:\/\/www.mosteirodeoia.com\/wp-content\/uploads\/2019\/04\/1149-768x419.jpg 768w, https:\/\/www.mosteirodeoia.com\/wp-content\/uploads\/2019\/04\/1149-600x327.jpg 600w, https:\/\/www.mosteirodeoia.com\/wp-content\/uploads\/2019\/04\/1149.jpg 1300w\" sizes=\"(max-width: 640px) 100vw, 640px\" \/>\n            <\/div>\n                <div class=\"cont_overlay\">\n            <h3>\n                1547            <\/h3>\n            <div class=\"texto_overlay\">\n                \u00daltimo mosteiro galego en incorporarse \u00e1 Congregaci\u00f3n de Castela da Orde Cisterciense, quedando baixo o seu control.             <\/div>\n\n        <\/div>\n    <\/div>\n<\/div>\n                                <style type=\"text\/css\">\n    .overlay_item.overlay_item8.defecto_img_wrap {\n        background-color: #1e6593;\n    }\n\n<\/style>\n<div class=\"overlay_item col p-0 overlay_item8 \">\n    <div class=\"contenido_item_overlay\">\n                <div class=\"imagen_overlay\">\n                <img loading=\"lazy\" decoding=\"async\" width=\"640\" height=\"343\" src=\"https:\/\/www.mosteirodeoia.com\/wp-content\/uploads\/2019\/03\/1624-1024x549.jpg\" class=\"imagen_listado_item wp-post-image\" alt=\"\" srcset=\"https:\/\/www.mosteirodeoia.com\/wp-content\/uploads\/2019\/03\/1624-1024x549.jpg 1024w, https:\/\/www.mosteirodeoia.com\/wp-content\/uploads\/2019\/03\/1624-300x161.jpg 300w, https:\/\/www.mosteirodeoia.com\/wp-content\/uploads\/2019\/03\/1624-768x411.jpg 768w, https:\/\/www.mosteirodeoia.com\/wp-content\/uploads\/2019\/03\/1624-600x321.jpg 600w, https:\/\/www.mosteirodeoia.com\/wp-content\/uploads\/2019\/03\/1624.jpg 1299w\" sizes=\"(max-width: 640px) 100vw, 640px\" \/>\n            <\/div>\n                <div class=\"cont_overlay\">\n            <h3>\n                1624            <\/h3>\n            <div class=\"texto_overlay\">\n                Famoso combate contra piratas turcos e b\u00e9rberes. O Rei Felipe IV conc\u00e9delles en reco\u00f1ecemento o t\u00edtulo de Real e Imperial Mosteiro de Oia.             <\/div>\n\n        <\/div>\n    <\/div>\n<\/div>\n                                <style type=\"text\/css\">\n    .overlay_item.overlay_item9.defecto_img_wrap {\n        background-color: #1e6593;\n    }\n\n<\/style>\n<div class=\"overlay_item col p-0 overlay_item9 \">\n    <div class=\"contenido_item_overlay\">\n                <div class=\"imagen_overlay\">\n                <img loading=\"lazy\" decoding=\"async\" width=\"640\" height=\"391\" src=\"https:\/\/www.mosteirodeoia.com\/wp-content\/uploads\/2019\/03\/1739.jpg\" class=\"imagen_listado_item wp-post-image\" alt=\"\" srcset=\"https:\/\/www.mosteirodeoia.com\/wp-content\/uploads\/2019\/03\/1739.jpg 815w, https:\/\/www.mosteirodeoia.com\/wp-content\/uploads\/2019\/03\/1739-300x183.jpg 300w, https:\/\/www.mosteirodeoia.com\/wp-content\/uploads\/2019\/03\/1739-600x367.jpg 600w, https:\/\/www.mosteirodeoia.com\/wp-content\/uploads\/2019\/03\/1739-768x469.jpg 768w\" sizes=\"(max-width: 640px) 100vw, 640px\" \/>\n            <\/div>\n                <div class=\"cont_overlay\">\n            <h3>\n                1739            <\/h3>\n            <div class=\"texto_overlay\">\n                Fin das obras das d\u00faas cox\u00edas ou \u00e1s do Patio das laranxeiras            <\/div>\n\n        <\/div>\n    <\/div>\n<\/div>\n                                <style type=\"text\/css\">\n    .overlay_item.overlay_item10.defecto_img_wrap {\n        background-color: #722225;\n    }\n\n<\/style>\n<div class=\"overlay_item col p-0 overlay_item10 \">\n    <div class=\"contenido_item_overlay\">\n                <div class=\"imagen_overlay\">\n                <img loading=\"lazy\" decoding=\"async\" width=\"399\" height=\"500\" src=\"https:\/\/www.mosteirodeoia.com\/wp-content\/uploads\/2019\/03\/1740.jpg\" class=\"imagen_listado_item wp-post-image\" alt=\"\" srcset=\"https:\/\/www.mosteirodeoia.com\/wp-content\/uploads\/2019\/03\/1740.jpg 399w, https:\/\/www.mosteirodeoia.com\/wp-content\/uploads\/2019\/03\/1740-300x376.jpg 300w, https:\/\/www.mosteirodeoia.com\/wp-content\/uploads\/2019\/03\/1740-239x300.jpg 239w\" sizes=\"(max-width: 399px) 100vw, 399px\" \/>\n            <\/div>\n                <div class=\"cont_overlay\">\n            <h3>\n                1740            <\/h3>\n            <div class=\"texto_overlay\">\n                Fin da obra da nova fachada da igrexa (actual)            <\/div>\n\n        <\/div>\n    <\/div>\n<\/div>\n                                <style type=\"text\/css\">\n    .overlay_item.overlay_item11.defecto_img_wrap {\n        background-color: #1e6593;\n    }\n\n<\/style>\n<div class=\"overlay_item col p-0 overlay_item11 \">\n    <div class=\"contenido_item_overlay\">\n                <div class=\"imagen_overlay\">\n                <img loading=\"lazy\" decoding=\"async\" width=\"640\" height=\"897\" src=\"https:\/\/www.mosteirodeoia.com\/wp-content\/uploads\/2019\/03\/1835-731x1024.jpg\" class=\"imagen_listado_item wp-post-image\" alt=\"\" srcset=\"https:\/\/www.mosteirodeoia.com\/wp-content\/uploads\/2019\/03\/1835-731x1024.jpg 731w, https:\/\/www.mosteirodeoia.com\/wp-content\/uploads\/2019\/03\/1835-300x420.jpg 300w, https:\/\/www.mosteirodeoia.com\/wp-content\/uploads\/2019\/03\/1835-214x300.jpg 214w, https:\/\/www.mosteirodeoia.com\/wp-content\/uploads\/2019\/03\/1835-768x1076.jpg 768w, https:\/\/www.mosteirodeoia.com\/wp-content\/uploads\/2019\/03\/1835-600x840.jpg 600w, https:\/\/www.mosteirodeoia.com\/wp-content\/uploads\/2019\/03\/1835.jpg 1298w\" sizes=\"(max-width: 640px) 100vw, 640px\" \/>\n            <\/div>\n                <div class=\"cont_overlay\">\n            <h3>\n                1835            <\/h3>\n            <div class=\"texto_overlay\">\n                Desamortizaci\u00f3n de Mendiz\u00e1bal. O mosteiro p\u00f3xase en lotes. Adqu\u00edreo un veci\u00f1o de Madrid. Fernando Fern\u00e1ndez Casariego por 200.000 reais.            <\/div>\n\n        <\/div>\n    <\/div>\n<\/div>\n                                <style type=\"text\/css\">\n    .overlay_item.overlay_item12.defecto_img_wrap {\n        background-color: #317775;\n    }\n\n<\/style>\n<div class=\"overlay_item col p-0 overlay_item12 \">\n    <div class=\"contenido_item_overlay\">\n                <div class=\"imagen_overlay\">\n                <img loading=\"lazy\" decoding=\"async\" width=\"640\" height=\"426\" src=\"https:\/\/www.mosteirodeoia.com\/wp-content\/uploads\/2019\/03\/1870.jpg\" class=\"imagen_listado_item wp-post-image\" alt=\"\" srcset=\"https:\/\/www.mosteirodeoia.com\/wp-content\/uploads\/2019\/03\/1870.jpg 733w, https:\/\/www.mosteirodeoia.com\/wp-content\/uploads\/2019\/03\/1870-300x200.jpg 300w, https:\/\/www.mosteirodeoia.com\/wp-content\/uploads\/2019\/03\/1870-600x399.jpg 600w\" sizes=\"(max-width: 640px) 100vw, 640px\" \/>\n            <\/div>\n                <div class=\"cont_overlay\">\n            <h3>\n                1870            <\/h3>\n            <div class=\"texto_overlay\">\n                V\u00e9ndello ao veci\u00f1o de A Guarda, Bernardo Alonso por 1.000.000 de reais.            <\/div>\n\n        <\/div>\n    <\/div>\n<\/div>\n                                <style type=\"text\/css\">\n    .overlay_item.overlay_item13.defecto_img_wrap {\n        background-color: #722225;\n    }\n\n<\/style>\n<div class=\"overlay_item col p-0 overlay_item13 \">\n    <div class=\"contenido_item_overlay\">\n                <div class=\"imagen_overlay\">\n                <img loading=\"lazy\" decoding=\"async\" width=\"580\" height=\"580\" src=\"https:\/\/www.mosteirodeoia.com\/wp-content\/uploads\/2019\/03\/2.jpg\" class=\"imagen_listado_item wp-post-image\" alt=\"\" srcset=\"https:\/\/www.mosteirodeoia.com\/wp-content\/uploads\/2019\/03\/2.jpg 580w, https:\/\/www.mosteirodeoia.com\/wp-content\/uploads\/2019\/03\/2-150x150.jpg 150w, https:\/\/www.mosteirodeoia.com\/wp-content\/uploads\/2019\/03\/2-300x300.jpg 300w, https:\/\/www.mosteirodeoia.com\/wp-content\/uploads\/2019\/03\/2-100x100.jpg 100w\" sizes=\"(max-width: 580px) 100vw, 580px\" \/>\n            <\/div>\n                <div class=\"cont_overlay\">\n            <h3>\n                1910            <\/h3>\n            <div class=\"texto_overlay\">\n                Al\u00fagase ao Xesu\u00edtas expulsados de Portugal. Ser\u00e1n expulsados de Espa\u00f1a en 1932.            <\/div>\n\n        <\/div>\n    <\/div>\n<\/div>\n                                <style type=\"text\/css\">\n    .overlay_item.overlay_item14.defecto_img_wrap {\n        background-color: #722225;\n    }\n\n<\/style>\n<div class=\"overlay_item col p-0 overlay_item14 \">\n    <div class=\"contenido_item_overlay\">\n                <div class=\"imagen_overlay\">\n                <img loading=\"lazy\" decoding=\"async\" width=\"640\" height=\"422\" src=\"https:\/\/www.mosteirodeoia.com\/wp-content\/uploads\/2019\/03\/1937-39.jpg\" class=\"imagen_listado_item wp-post-image\" alt=\"\" srcset=\"https:\/\/www.mosteirodeoia.com\/wp-content\/uploads\/2019\/03\/1937-39.jpg 706w, https:\/\/www.mosteirodeoia.com\/wp-content\/uploads\/2019\/03\/1937-39-300x198.jpg 300w, https:\/\/www.mosteirodeoia.com\/wp-content\/uploads\/2019\/03\/1937-39-600x396.jpg 600w\" sizes=\"(max-width: 640px) 100vw, 640px\" \/>\n            <\/div>\n                <div class=\"cont_overlay\">\n            <h3>\n                1937-1939            <\/h3>\n            <div class=\"texto_overlay\">\n                O Mosteiro utilizase como c\u00e1rcere para os presos republicanos da Guerra Civil            <\/div>\n\n        <\/div>\n    <\/div>\n<\/div>\n                                <style type=\"text\/css\">\n    .overlay_item.overlay_item15.defecto_img_wrap {\n        background-color: #722225;\n    }\n\n<\/style>\n<div class=\"overlay_item col p-0 overlay_item15 \">\n    <div class=\"contenido_item_overlay\">\n                <div class=\"imagen_overlay\">\n                <img loading=\"lazy\" decoding=\"async\" width=\"640\" height=\"395\" src=\"https:\/\/www.mosteirodeoia.com\/wp-content\/uploads\/2019\/03\/1945.jpg\" class=\"imagen_listado_item wp-post-image\" alt=\"\" srcset=\"https:\/\/www.mosteirodeoia.com\/wp-content\/uploads\/2019\/03\/1945.jpg 703w, https:\/\/www.mosteirodeoia.com\/wp-content\/uploads\/2019\/03\/1945-300x185.jpg 300w, https:\/\/www.mosteirodeoia.com\/wp-content\/uploads\/2019\/03\/1945-600x370.jpg 600w\" sizes=\"(max-width: 640px) 100vw, 640px\" \/>\n            <\/div>\n                <div class=\"cont_overlay\">\n            <h3>\n                1945            <\/h3>\n            <div class=\"texto_overlay\">\n                Adqu\u00edreo a familia Bouso por 60.000 pesetas.            <\/div>\n\n        <\/div>\n    <\/div>\n<\/div>\n                                <style type=\"text\/css\">\n    .overlay_item.overlay_item16.defecto_img_wrap {\n        background-color: #317775;\n    }\n\n<\/style>\n<div class=\"overlay_item col p-0 overlay_item16 \">\n    <div class=\"contenido_item_overlay\">\n                <div class=\"imagen_overlay\">\n                <img loading=\"lazy\" decoding=\"async\" width=\"359\" height=\"511\" src=\"https:\/\/www.mosteirodeoia.com\/wp-content\/uploads\/2019\/03\/1969.jpg\" class=\"imagen_listado_item wp-post-image\" alt=\"\" srcset=\"https:\/\/www.mosteirodeoia.com\/wp-content\/uploads\/2019\/03\/1969.jpg 359w, https:\/\/www.mosteirodeoia.com\/wp-content\/uploads\/2019\/03\/1969-300x427.jpg 300w, https:\/\/www.mosteirodeoia.com\/wp-content\/uploads\/2019\/03\/1969-211x300.jpg 211w\" sizes=\"(max-width: 359px) 100vw, 359px\" \/>\n            <\/div>\n                <div class=\"cont_overlay\">\n            <h3>\n                1969            <\/h3>\n            <div class=\"texto_overlay\">\n                F\u00edlmase a pel\u00edcula Esa mujer de Mario Camus, con Sara Montiel como protagonista.            <\/div>\n\n        <\/div>\n    <\/div>\n<\/div>\n                                <style type=\"text\/css\">\n    .overlay_item.overlay_item17.defecto_img_wrap {\n        background-color: #1e6593;\n    }\n\n<\/style>\n<div class=\"overlay_item col p-0 overlay_item17 \">\n    <div class=\"contenido_item_overlay\">\n                <div class=\"imagen_overlay\">\n                <img loading=\"lazy\" decoding=\"async\" width=\"640\" height=\"426\" src=\"https:\/\/www.mosteirodeoia.com\/wp-content\/uploads\/2019\/03\/1974.jpg\" class=\"imagen_listado_item wp-post-image\" alt=\"\" srcset=\"https:\/\/www.mosteirodeoia.com\/wp-content\/uploads\/2019\/03\/1974.jpg 1000w, https:\/\/www.mosteirodeoia.com\/wp-content\/uploads\/2019\/03\/1974-300x200.jpg 300w, https:\/\/www.mosteirodeoia.com\/wp-content\/uploads\/2019\/03\/1974-768x511.jpg 768w, https:\/\/www.mosteirodeoia.com\/wp-content\/uploads\/2019\/03\/1974-600x400.jpg 600w\" sizes=\"(max-width: 640px) 100vw, 640px\" \/>\n            <\/div>\n                <div class=\"cont_overlay\">\n            <h3>\n                1974            <\/h3>\n            <div class=\"texto_overlay\">\n                V\u00e9ndeselle a Jos\u00e9 Gonz\u00e1lez Garc\u00eda por 6.400.000 pesetas            <\/div>\n\n        <\/div>\n    <\/div>\n<\/div>\n                                <style type=\"text\/css\">\n    .overlay_item.overlay_item18.defecto_img_wrap {\n        background-color: #722225;\n    }\n\n<\/style>\n<div class=\"overlay_item col p-0 overlay_item18 \">\n    <div class=\"contenido_item_overlay\">\n                <div class=\"imagen_overlay\">\n                <img loading=\"lazy\" decoding=\"async\" width=\"580\" height=\"580\" src=\"https:\/\/www.mosteirodeoia.com\/wp-content\/uploads\/2019\/03\/3.jpg\" class=\"imagen_listado_item wp-post-image\" alt=\"\" srcset=\"https:\/\/www.mosteirodeoia.com\/wp-content\/uploads\/2019\/03\/3.jpg 580w, https:\/\/www.mosteirodeoia.com\/wp-content\/uploads\/2019\/03\/3-150x150.jpg 150w, https:\/\/www.mosteirodeoia.com\/wp-content\/uploads\/2019\/03\/3-300x300.jpg 300w, https:\/\/www.mosteirodeoia.com\/wp-content\/uploads\/2019\/03\/3-100x100.jpg 100w\" sizes=\"(max-width: 580px) 100vw, 580px\" \/>\n            <\/div>\n                <div class=\"cont_overlay\">\n            <h3>\n                1989            <\/h3>\n            <div class=\"texto_overlay\">\n                Adqu\u00edreo o grupo asturiano Corporaci\u00f3n Massaveu por 261.000.000 pesetas.            <\/div>\n\n        <\/div>\n    <\/div>\n<\/div>\n                                <style type=\"text\/css\">\n    .overlay_item.overlay_item19.defecto_img_wrap {\n        background-color: #1e6593;\n    }\n\n<\/style>\n<div class=\"overlay_item col p-0 overlay_item19 \">\n    <div class=\"contenido_item_overlay\">\n                <div class=\"imagen_overlay\">\n                <img loading=\"lazy\" decoding=\"async\" width=\"580\" height=\"580\" src=\"https:\/\/www.mosteirodeoia.com\/wp-content\/uploads\/2019\/03\/4.jpg\" class=\"imagen_listado_item wp-post-image\" alt=\"\" srcset=\"https:\/\/www.mosteirodeoia.com\/wp-content\/uploads\/2019\/03\/4.jpg 580w, https:\/\/www.mosteirodeoia.com\/wp-content\/uploads\/2019\/03\/4-150x150.jpg 150w, https:\/\/www.mosteirodeoia.com\/wp-content\/uploads\/2019\/03\/4-300x300.jpg 300w, https:\/\/www.mosteirodeoia.com\/wp-content\/uploads\/2019\/03\/4-100x100.jpg 100w\" sizes=\"(max-width: 580px) 100vw, 580px\" \/>\n            <\/div>\n                <div class=\"cont_overlay\">\n            <h3>\n                2000            <\/h3>\n            <div class=\"texto_overlay\">\n                V\u00e9ndenllo a Toja, S.A. (Banco Pastor) por 200.000.000 pesetas            <\/div>\n\n        <\/div>\n    <\/div>\n<\/div>\n                                <style type=\"text\/css\">\n    .overlay_item.overlay_item20.defecto_img_wrap {\n        background-color: #1e6593;\n    }\n\n<\/style>\n<div class=\"overlay_item col p-0 overlay_item20 \">\n    <div class=\"contenido_item_overlay\">\n                <div class=\"imagen_overlay\">\n                <img loading=\"lazy\" decoding=\"async\" width=\"580\" height=\"580\" src=\"https:\/\/www.mosteirodeoia.com\/wp-content\/uploads\/2019\/03\/real-monasterio.jpg\" class=\"imagen_listado_item wp-post-image\" alt=\"\" srcset=\"https:\/\/www.mosteirodeoia.com\/wp-content\/uploads\/2019\/03\/real-monasterio.jpg 580w, https:\/\/www.mosteirodeoia.com\/wp-content\/uploads\/2019\/03\/real-monasterio-150x150.jpg 150w, https:\/\/www.mosteirodeoia.com\/wp-content\/uploads\/2019\/03\/real-monasterio-300x300.jpg 300w, https:\/\/www.mosteirodeoia.com\/wp-content\/uploads\/2019\/03\/real-monasterio-100x100.jpg 100w\" sizes=\"(max-width: 580px) 100vw, 580px\" \/>\n            <\/div>\n                <div class=\"cont_overlay\">\n            <h3>\n                2004            <\/h3>\n            <div class=\"texto_overlay\">\n                Vasco Gallega adquire o Mosteiro de Oia por 2,4 mill\u00f3ns e crea a Sociedade Real Mosteiro de Oia            <\/div>\n\n        <\/div>\n    <\/div>\n<\/div>\n                        <\/div>\n    <\/div>\n<\/div>\n\n<div style=\"height:30px\" aria-hidden=\"true\" class=\"wp-block-spacer\"><\/div>\n\n<div class=\"wp-block-hacce-wrapper bg_gris pt-5 pb-5\">\n<p style=\"text-align:center\" class=\"antetitulo\">REAL MOSTEIRO DE OIA<\/p>\n\n\n\n<h2 class=\"wp-block-heading\" style=\"text-align:center\">Noticias<\/h2>\n\n\n\r\n<div class=\"container-fluid p-0\">\r\n    <div class=\"row pt-3 m-0\">\r\n                    <div class=\"col-md-6 col-lg-4 p-0\">\r\n            <div class=\"post_bg_img_item fake-a\">\n    <div class=\"imagen-loop-item\">\n                <img decoding=\"async\" src=\"https:\/\/www.mosteirodeoia.com\/wp-content\/uploads\/2026\/03\/portada-1024x667.jpg\" alt=\"\" class=\"imagen_listado_item\" \/>\n\n    <\/div>\n    <div class=\"cont_noticia d-flex align-items-center justify-content-center\">\n        <div class=\"cont_noticia-agrupado\">\n        <h3>\n            <a href=\"https:\/\/www.mosteirodeoia.com\/gl\/un-mosteiro-un-mar-de-historias-un-novo-libro-para-descubrir-o-mosteiro-de-oia\/\">\n                Un Mosteiro, un mar de historia(s): un novo libro&#8230;            <\/a>\n        <\/h3>\n        <div class=\"texto_noticia\">\n            Un Mosteiro, un mar de historia(s) xa est\u00e1 dispo\u00f1ible e sup\u00f3n unha nova oportunidade&#8230;\n        <\/div>\n        <div class=\"btn_wrap\">\n            <button class=\" btn-link\">Ler ma\u00eds <\/button>\n        <\/div>\n        <\/div>\n    <\/div>\n   \n\n\n<\/div>\n            <\/div>\r\n                    <div class=\"col-md-6 col-lg-4 p-0\">\r\n            <div class=\"post_bg_img_item fake-a\">\n    <div class=\"imagen-loop-item\">\n                <img decoding=\"async\" src=\"https:\/\/www.mosteirodeoia.com\/wp-content\/uploads\/2026\/02\/Mesa-de-trabajo-2-copia-2-100.jpg\" alt=\"\" class=\"imagen_listado_item\" \/>\n\n    <\/div>\n    <div class=\"cont_noticia d-flex align-items-center justify-content-center\">\n        <div class=\"cont_noticia-agrupado\">\n        <h3>\n            <a href=\"https:\/\/www.mosteirodeoia.com\/gl\/vive-o-real-mosteiro-de-oia-esta-semana-santa-2026\/\">\n                Vive o Real Mosteiro de Oia esta Semana Santa&#8230;            <\/a>\n        <\/h3>\n        <div class=\"texto_noticia\">\n            Explora diferentes estancias, pasea polos xard\u00edns e descobre la historia e segredos del Mosteiro&#8230;\n        <\/div>\n        <div class=\"btn_wrap\">\n            <button class=\" btn-link\">Ler ma\u00eds <\/button>\n        <\/div>\n        <\/div>\n    <\/div>\n   \n\n\n<\/div>\n            <\/div>\r\n                    <div class=\"col-md-6 col-lg-4 p-0\">\r\n            <div class=\"post_bg_img_item fake-a\">\n    <div class=\"imagen-loop-item\">\n                <img decoding=\"async\" src=\"https:\/\/www.mosteirodeoia.com\/wp-content\/uploads\/2025\/12\/serra-da-groba-1024x680.jpg\" alt=\"\" class=\"imagen_listado_item\" \/>\n\n    <\/div>\n    <div class=\"cont_noticia d-flex align-items-center justify-content-center\">\n        <div class=\"cont_noticia-agrupado\">\n        <h3>\n            <a href=\"https:\/\/www.mosteirodeoia.com\/gl\/a-tenda-online-da-editorial-serra-da-groba-xa-esta-aberta-leva-as-historias-do-mosteiro-de-oia-contigo\/\">\n                A tenda online da editorial Serra da Groba xa&#8230;            <\/a>\n        <\/h3>\n        <div class=\"texto_noticia\">\n            A editorial Serra da Groba Edici\u00f3ns, promovida pola Fundaci\u00f3n Bretal, estreou a s\u00faa nova&#8230;\n        <\/div>\n        <div class=\"btn_wrap\">\n            <button class=\" btn-link\">Ler ma\u00eds <\/button>\n        <\/div>\n        <\/div>\n    <\/div>\n   \n\n\n<\/div>\n            <\/div>\r\n            <\/div>\r\n    <div class=\"row m-0 text-center pt-4 justify-content-center\">\r\n        <div class=\"btn_wrap margin-auto\">\r\n            <a class=\"btn\" href=\"https:\/\/www.mosteirodeoia.com\/gl\/noticias\/\">Ver todas            <\/a>\r\n        <\/div>\r\n    <\/div>\r\n<\/div>\r\n<\/div>\n\n<p><\/p>\n","protected":false},"excerpt":{"rendered":"","protected":false},"author":1,"featured_media":0,"parent":0,"menu_order":0,"comment_status":"closed","ping_status":"closed","template":"","meta":{"_editorskit_title_hidden":false,"_editorskit_reading_time":0,"_editorskit_is_block_options_detached":false,"_editorskit_block_options_position":"{}","_coblocks_attr":"","_coblocks_dimensions":"","_coblocks_responsive_height":"","_coblocks_accordion_ie_support":"","footnotes":""},"class_list":["post-1294","page","type-page","status-publish","hentry"],"acf":[],"_links":{"self":[{"href":"https:\/\/www.mosteirodeoia.com\/gl\/wp-json\/wp\/v2\/pages\/1294"}],"collection":[{"href":"https:\/\/www.mosteirodeoia.com\/gl\/wp-json\/wp\/v2\/pages"}],"about":[{"href":"https:\/\/www.mosteirodeoia.com\/gl\/wp-json\/wp\/v2\/types\/page"}],"author":[{"embeddable":true,"href":"https:\/\/www.mosteirodeoia.com\/gl\/wp-json\/wp\/v2\/users\/1"}],"replies":[{"embeddable":true,"href":"https:\/\/www.mosteirodeoia.com\/gl\/wp-json\/wp\/v2\/comments?post=1294"}],"version-history":[{"count":1,"href":"https:\/\/www.mosteirodeoia.com\/gl\/wp-json\/wp\/v2\/pages\/1294\/revisions"}],"predecessor-version":[{"id":50752,"href":"https:\/\/www.mosteirodeoia.com\/gl\/wp-json\/wp\/v2\/pages\/1294\/revisions\/50752"}],"wp:attachment":[{"href":"https:\/\/www.mosteirodeoia.com\/gl\/wp-json\/wp\/v2\/media?parent=1294"}],"curies":[{"name":"wp","href":"https:\/\/api.w.org\/{rel}","templated":true}]}}