{"id":2192,"date":"2019-03-01T09:09:56","date_gmt":"2019-03-01T09:09:56","guid":{"rendered":"https:\/\/www.mosteirodeoia.com\/historia\/"},"modified":"2023-08-11T14:51:52","modified_gmt":"2023-08-11T12:51:52","slug":"history","status":"publish","type":"page","link":"https:\/\/www.mosteirodeoia.com\/en\/history\/","title":{"rendered":"History"},"content":{"rendered":"\n<div class=\"listado-overlay  pb-5\">\n    <div class=\"container-fluid p-0 \">\n        <div class=\"row m-0 \">\n                            <style type=\"text\/css\">\n    .overlay_item.overlay_item1.defecto_img_wrap {\n        background-color: #722225;\n    }\n\n<\/style>\n<div class=\"overlay_item col p-0 overlay_item1 \">\n    <div class=\"contenido_item_overlay\">\n                <div class=\"imagen_overlay\">\n                <img loading=\"lazy\" decoding=\"async\" width=\"640\" height=\"349\" src=\"https:\/\/www.mosteirodeoia.com\/wp-content\/uploads\/2019\/04\/1149-1024x558.jpg\" class=\"imagen_listado_item wp-post-image\" alt=\"\" srcset=\"https:\/\/www.mosteirodeoia.com\/wp-content\/uploads\/2019\/04\/1149-1024x558.jpg 1024w, https:\/\/www.mosteirodeoia.com\/wp-content\/uploads\/2019\/04\/1149-300x164.jpg 300w, https:\/\/www.mosteirodeoia.com\/wp-content\/uploads\/2019\/04\/1149-768x419.jpg 768w, https:\/\/www.mosteirodeoia.com\/wp-content\/uploads\/2019\/04\/1149-600x327.jpg 600w, https:\/\/www.mosteirodeoia.com\/wp-content\/uploads\/2019\/04\/1149.jpg 1300w\" sizes=\"(max-width: 640px) 100vw, 640px\" \/>\n            <\/div>\n                <div class=\"cont_overlay\">\n            <h3>\n                1149            <\/h3>\n            <div class=\"texto_overlay\">\n                First reliable document. The royal donation of Alfonso VII of Le\u00f3n and Castile, who grants Moug\u00e1s, Viladesuso and Pedornes to the monks of Oia.            <\/div>\n\n        <\/div>\n    <\/div>\n<\/div>\n                                <style type=\"text\/css\">\n    .overlay_item.overlay_item2.defecto_img_wrap {\n        background-color: #722225;\n    }\n\n<\/style>\n<div class=\"overlay_item col p-0 overlay_item2 \">\n    <div class=\"contenido_item_overlay\">\n                <div class=\"imagen_overlay\">\n                <img loading=\"lazy\" decoding=\"async\" width=\"580\" height=\"580\" src=\"https:\/\/www.mosteirodeoia.com\/wp-content\/uploads\/2019\/03\/1.jpg\" class=\"imagen_listado_item wp-post-image\" alt=\"\" srcset=\"https:\/\/www.mosteirodeoia.com\/wp-content\/uploads\/2019\/03\/1.jpg 580w, https:\/\/www.mosteirodeoia.com\/wp-content\/uploads\/2019\/03\/1-150x150.jpg 150w, https:\/\/www.mosteirodeoia.com\/wp-content\/uploads\/2019\/03\/1-300x300.jpg 300w, https:\/\/www.mosteirodeoia.com\/wp-content\/uploads\/2019\/03\/1-100x100.jpg 100w\" sizes=\"(max-width: 580px) 100vw, 580px\" \/>\n            <\/div>\n                <div class=\"cont_overlay\">\n            <h3>\n                1185            <\/h3>\n            <div class=\"texto_overlay\">\n                He joins the Cistercian Order.             <\/div>\n\n        <\/div>\n    <\/div>\n<\/div>\n                                <style type=\"text\/css\">\n    .overlay_item.overlay_item3.defecto_img_wrap {\n        background-color: #722225;\n    }\n\n<\/style>\n<div class=\"overlay_item col p-0 overlay_item3 \">\n    <div class=\"contenido_item_overlay\">\n                <div class=\"imagen_overlay\">\n                <img loading=\"lazy\" decoding=\"async\" width=\"640\" height=\"415\" src=\"https:\/\/www.mosteirodeoia.com\/wp-content\/uploads\/2019\/03\/1201-1.jpg\" class=\"imagen_listado_item wp-post-image\" alt=\"\" srcset=\"https:\/\/www.mosteirodeoia.com\/wp-content\/uploads\/2019\/03\/1201-1.jpg 709w, https:\/\/www.mosteirodeoia.com\/wp-content\/uploads\/2019\/03\/1201-1-300x195.jpg 300w, https:\/\/www.mosteirodeoia.com\/wp-content\/uploads\/2019\/03\/1201-1-600x389.jpg 600w\" sizes=\"(max-width: 640px) 100vw, 640px\" \/>\n            <\/div>\n                <div class=\"cont_overlay\">\n            <h3>\n                1201            <\/h3>\n            <div class=\"texto_overlay\">\n                Royal Donation of Alfonso IX of Le\u00f3n: the church of Baiona and the monastery\u2019s exemption from paying tribute in its port. First allusion to the breeding of wild horses in the mountains of Oia.            <\/div>\n\n        <\/div>\n    <\/div>\n<\/div>\n                                <style type=\"text\/css\">\n    .overlay_item.overlay_item4.defecto_img_wrap {\n        background-color: #722225;\n    }\n\n<\/style>\n<div class=\"overlay_item col p-0 overlay_item4 \">\n    <div class=\"contenido_item_overlay\">\n                <div class=\"imagen_overlay\">\n                <img loading=\"lazy\" decoding=\"async\" width=\"640\" height=\"361\" src=\"https:\/\/www.mosteirodeoia.com\/wp-content\/uploads\/2019\/03\/1228-1024x577.jpg\" class=\"imagen_listado_item wp-post-image\" alt=\"\" srcset=\"https:\/\/www.mosteirodeoia.com\/wp-content\/uploads\/2019\/03\/1228-1024x577.jpg 1024w, https:\/\/www.mosteirodeoia.com\/wp-content\/uploads\/2019\/03\/1228-300x169.jpg 300w, https:\/\/www.mosteirodeoia.com\/wp-content\/uploads\/2019\/03\/1228-600x338.jpg 600w, https:\/\/www.mosteirodeoia.com\/wp-content\/uploads\/2019\/03\/1228-768x433.jpg 768w, https:\/\/www.mosteirodeoia.com\/wp-content\/uploads\/2019\/03\/1228.jpg 1542w\" sizes=\"(max-width: 640px) 100vw, 640px\" \/>\n            <\/div>\n                <div class=\"cont_overlay\">\n            <h3>\n                1228            <\/h3>\n            <div class=\"texto_overlay\">\n                Alfonso IX of Le\u00f3n donates the southernmost island of the C\u00edes Islands (San Mart\u00edn).            <\/div>\n\n        <\/div>\n    <\/div>\n<\/div>\n                                <style type=\"text\/css\">\n    .overlay_item.overlay_item5.defecto_img_wrap {\n        background-color: #1e6593;\n    }\n\n<\/style>\n<div class=\"overlay_item col p-0 overlay_item5 \">\n    <div class=\"contenido_item_overlay\">\n                <div class=\"imagen_overlay\">\n                <img loading=\"lazy\" decoding=\"async\" width=\"397\" height=\"485\" src=\"https:\/\/www.mosteirodeoia.com\/wp-content\/uploads\/2019\/03\/1231.jpg\" class=\"imagen_listado_item wp-post-image\" alt=\"\" srcset=\"https:\/\/www.mosteirodeoia.com\/wp-content\/uploads\/2019\/03\/1231.jpg 397w, https:\/\/www.mosteirodeoia.com\/wp-content\/uploads\/2019\/03\/1231-300x366.jpg 300w, https:\/\/www.mosteirodeoia.com\/wp-content\/uploads\/2019\/03\/1231-246x300.jpg 246w\" sizes=\"(max-width: 397px) 100vw, 397px\" \/>\n            <\/div>\n                <div class=\"cont_overlay\">\n            <h3>\n                1231            <\/h3>\n            <div class=\"texto_overlay\">\n                Ferdinand III of Castile, together with his wife Mrs. Beatriz and children, and with the consent of his mother Mrs. Berengaria of Castile, confirms all the inheritances, churches, donations, liberties and privileges that had been granted to the monastery of Santa Mar\u00eda de Oia by Alfonso VII, Ferdinand II and Alfonso IX.            <\/div>\n\n        <\/div>\n    <\/div>\n<\/div>\n                                <style type=\"text\/css\">\n    .overlay_item.overlay_item6.defecto_img_wrap {\n        background-color: #722225;\n    }\n\n<\/style>\n<div class=\"overlay_item col p-0 overlay_item6 \">\n    <div class=\"contenido_item_overlay\">\n                <div class=\"imagen_overlay\">\n                <img loading=\"lazy\" decoding=\"async\" width=\"637\" height=\"517\" src=\"https:\/\/www.mosteirodeoia.com\/wp-content\/uploads\/2019\/03\/1280.jpg\" class=\"imagen_listado_item wp-post-image\" alt=\"\" srcset=\"https:\/\/www.mosteirodeoia.com\/wp-content\/uploads\/2019\/03\/1280.jpg 637w, https:\/\/www.mosteirodeoia.com\/wp-content\/uploads\/2019\/03\/1280-300x243.jpg 300w, https:\/\/www.mosteirodeoia.com\/wp-content\/uploads\/2019\/03\/1280-600x487.jpg 600w\" sizes=\"(max-width: 637px) 100vw, 637px\" \/>\n            <\/div>\n                <div class=\"cont_overlay\">\n            <h3>\n                1280            <\/h3>\n            <div class=\"texto_overlay\">\n                Denis I, king of Portugal, takes the monks under his guard and protection along with all their properties in Portugal.             <\/div>\n\n        <\/div>\n    <\/div>\n<\/div>\n                                <style type=\"text\/css\">\n    .overlay_item.overlay_item7.defecto_img_wrap {\n        background-color: #722225;\n    }\n\n<\/style>\n<div class=\"overlay_item col p-0 overlay_item7 \">\n    <div class=\"contenido_item_overlay\">\n                <div class=\"imagen_overlay\">\n                <img loading=\"lazy\" decoding=\"async\" width=\"391\" height=\"517\" src=\"https:\/\/www.mosteirodeoia.com\/wp-content\/uploads\/2019\/03\/1185.jpg\" class=\"imagen_listado_item wp-post-image\" alt=\"\" srcset=\"https:\/\/www.mosteirodeoia.com\/wp-content\/uploads\/2019\/03\/1185.jpg 391w, https:\/\/www.mosteirodeoia.com\/wp-content\/uploads\/2019\/03\/1185-300x397.jpg 300w, https:\/\/www.mosteirodeoia.com\/wp-content\/uploads\/2019\/03\/1185-227x300.jpg 227w\" sizes=\"(max-width: 391px) 100vw, 391px\" \/>\n            <\/div>\n                <div class=\"cont_overlay\">\n            <h3>\n                1547            <\/h3>\n            <div class=\"texto_overlay\">\n                Last Galician monastery to join the Congregation of Castile of the Cistercian Order, remaining thereafter under its control.             <\/div>\n\n        <\/div>\n    <\/div>\n<\/div>\n                                <style type=\"text\/css\">\n    .overlay_item.overlay_item8.defecto_img_wrap {\n        background-color: #722225;\n    }\n\n<\/style>\n<div class=\"overlay_item col p-0 overlay_item8 \">\n    <div class=\"contenido_item_overlay\">\n                <div class=\"imagen_overlay\">\n                <img loading=\"lazy\" decoding=\"async\" width=\"640\" height=\"343\" src=\"https:\/\/www.mosteirodeoia.com\/wp-content\/uploads\/2019\/03\/1624-1024x549.jpg\" class=\"imagen_listado_item wp-post-image\" alt=\"\" srcset=\"https:\/\/www.mosteirodeoia.com\/wp-content\/uploads\/2019\/03\/1624-1024x549.jpg 1024w, https:\/\/www.mosteirodeoia.com\/wp-content\/uploads\/2019\/03\/1624-300x161.jpg 300w, https:\/\/www.mosteirodeoia.com\/wp-content\/uploads\/2019\/03\/1624-768x411.jpg 768w, https:\/\/www.mosteirodeoia.com\/wp-content\/uploads\/2019\/03\/1624-600x321.jpg 600w, https:\/\/www.mosteirodeoia.com\/wp-content\/uploads\/2019\/03\/1624.jpg 1299w\" sizes=\"(max-width: 640px) 100vw, 640px\" \/>\n            <\/div>\n                <div class=\"cont_overlay\">\n            <h3>\n                1624            <\/h3>\n            <div class=\"texto_overlay\">\n                Famous cannon fight against Turkish and Berber pirates. In recognition, King Philip IV grants them the title of Royal and Imperial Monastery of Oia.            <\/div>\n\n        <\/div>\n    <\/div>\n<\/div>\n                                <style type=\"text\/css\">\n    .overlay_item.overlay_item9.defecto_img_wrap {\n        background-color: #1e6593;\n    }\n\n<\/style>\n<div class=\"overlay_item col p-0 overlay_item9 \">\n    <div class=\"contenido_item_overlay\">\n                <div class=\"imagen_overlay\">\n                <img loading=\"lazy\" decoding=\"async\" width=\"640\" height=\"391\" src=\"https:\/\/www.mosteirodeoia.com\/wp-content\/uploads\/2019\/03\/1739.jpg\" class=\"imagen_listado_item wp-post-image\" alt=\"\" srcset=\"https:\/\/www.mosteirodeoia.com\/wp-content\/uploads\/2019\/03\/1739.jpg 815w, https:\/\/www.mosteirodeoia.com\/wp-content\/uploads\/2019\/03\/1739-300x183.jpg 300w, https:\/\/www.mosteirodeoia.com\/wp-content\/uploads\/2019\/03\/1739-600x367.jpg 600w, https:\/\/www.mosteirodeoia.com\/wp-content\/uploads\/2019\/03\/1739-768x469.jpg 768w\" sizes=\"(max-width: 640px) 100vw, 640px\" \/>\n            <\/div>\n                <div class=\"cont_overlay\">\n            <h3>\n                1739            <\/h3>\n            <div class=\"texto_overlay\">\n                Completion of the two galleries or wings of the orange trees\u2019 Courtyard.            <\/div>\n\n        <\/div>\n    <\/div>\n<\/div>\n                                <style type=\"text\/css\">\n    .overlay_item.overlay_item10.defecto_img_wrap {\n        background-color: #722225;\n    }\n\n<\/style>\n<div class=\"overlay_item col p-0 overlay_item10 \">\n    <div class=\"contenido_item_overlay\">\n                <div class=\"imagen_overlay\">\n                <img loading=\"lazy\" decoding=\"async\" width=\"640\" height=\"957\" src=\"https:\/\/www.mosteirodeoia.com\/wp-content\/uploads\/2019\/03\/1740-1-685x1024.jpg\" class=\"imagen_listado_item wp-post-image\" alt=\"\" srcset=\"https:\/\/www.mosteirodeoia.com\/wp-content\/uploads\/2019\/03\/1740-1-685x1024.jpg 685w, https:\/\/www.mosteirodeoia.com\/wp-content\/uploads\/2019\/03\/1740-1-300x448.jpg 300w, https:\/\/www.mosteirodeoia.com\/wp-content\/uploads\/2019\/03\/1740-1-201x300.jpg 201w, https:\/\/www.mosteirodeoia.com\/wp-content\/uploads\/2019\/03\/1740-1-768x1148.jpg 768w, https:\/\/www.mosteirodeoia.com\/wp-content\/uploads\/2019\/03\/1740-1-600x897.jpg 600w, https:\/\/www.mosteirodeoia.com\/wp-content\/uploads\/2019\/03\/1740-1.jpg 918w\" sizes=\"(max-width: 640px) 100vw, 640px\" \/>\n            <\/div>\n                <div class=\"cont_overlay\">\n            <h3>\n                1740            <\/h3>\n            <div class=\"texto_overlay\">\n                Completion of the new facade of the church (still present)            <\/div>\n\n        <\/div>\n    <\/div>\n<\/div>\n                                <style type=\"text\/css\">\n    .overlay_item.overlay_item11.defecto_img_wrap {\n        background-color: #1e6593;\n    }\n\n<\/style>\n<div class=\"overlay_item col p-0 overlay_item11 \">\n    <div class=\"contenido_item_overlay\">\n                <div class=\"imagen_overlay\">\n                <img loading=\"lazy\" decoding=\"async\" width=\"640\" height=\"897\" src=\"https:\/\/www.mosteirodeoia.com\/wp-content\/uploads\/2019\/03\/1835-731x1024.jpg\" class=\"imagen_listado_item wp-post-image\" alt=\"\" srcset=\"https:\/\/www.mosteirodeoia.com\/wp-content\/uploads\/2019\/03\/1835-731x1024.jpg 731w, https:\/\/www.mosteirodeoia.com\/wp-content\/uploads\/2019\/03\/1835-300x420.jpg 300w, https:\/\/www.mosteirodeoia.com\/wp-content\/uploads\/2019\/03\/1835-214x300.jpg 214w, https:\/\/www.mosteirodeoia.com\/wp-content\/uploads\/2019\/03\/1835-768x1076.jpg 768w, https:\/\/www.mosteirodeoia.com\/wp-content\/uploads\/2019\/03\/1835-600x840.jpg 600w, https:\/\/www.mosteirodeoia.com\/wp-content\/uploads\/2019\/03\/1835.jpg 1298w\" sizes=\"(max-width: 640px) 100vw, 640px\" \/>\n            <\/div>\n                <div class=\"cont_overlay\">\n            <h3>\n                1835            <\/h3>\n            <div class=\"texto_overlay\">\n                Mendizabal sells the church lands. The monastery is auctioned in lots. It is purchased by a resident of Madrid, Fernando Fern\u00e1ndez Casariego, for 200,000 reales.            <\/div>\n\n        <\/div>\n    <\/div>\n<\/div>\n                                <style type=\"text\/css\">\n    .overlay_item.overlay_item12.defecto_img_wrap {\n        background-color: #1e6593;\n    }\n\n<\/style>\n<div class=\"overlay_item col p-0 overlay_item12 \">\n    <div class=\"contenido_item_overlay\">\n                <div class=\"imagen_overlay\">\n                <img loading=\"lazy\" decoding=\"async\" width=\"640\" height=\"426\" src=\"https:\/\/www.mosteirodeoia.com\/wp-content\/uploads\/2019\/03\/1870.jpg\" class=\"imagen_listado_item wp-post-image\" alt=\"\" srcset=\"https:\/\/www.mosteirodeoia.com\/wp-content\/uploads\/2019\/03\/1870.jpg 733w, https:\/\/www.mosteirodeoia.com\/wp-content\/uploads\/2019\/03\/1870-300x200.jpg 300w, https:\/\/www.mosteirodeoia.com\/wp-content\/uploads\/2019\/03\/1870-600x399.jpg 600w\" sizes=\"(max-width: 640px) 100vw, 640px\" \/>\n            <\/div>\n                <div class=\"cont_overlay\">\n            <h3>\n                1870            <\/h3>\n            <div class=\"texto_overlay\">\n                He sells it to a resident of A Guarda, Bernardo Alonso, for 1,000,000 reales.            <\/div>\n\n        <\/div>\n    <\/div>\n<\/div>\n                                <style type=\"text\/css\">\n    .overlay_item.overlay_item13.defecto_img_wrap {\n        background-color: #1e6593;\n    }\n\n<\/style>\n<div class=\"overlay_item col p-0 overlay_item13 \">\n    <div class=\"contenido_item_overlay\">\n                <div class=\"imagen_overlay\">\n                <img loading=\"lazy\" decoding=\"async\" width=\"580\" height=\"580\" src=\"https:\/\/www.mosteirodeoia.com\/wp-content\/uploads\/2019\/03\/2.jpg\" class=\"imagen_listado_item wp-post-image\" alt=\"\" srcset=\"https:\/\/www.mosteirodeoia.com\/wp-content\/uploads\/2019\/03\/2.jpg 580w, https:\/\/www.mosteirodeoia.com\/wp-content\/uploads\/2019\/03\/2-150x150.jpg 150w, https:\/\/www.mosteirodeoia.com\/wp-content\/uploads\/2019\/03\/2-300x300.jpg 300w, https:\/\/www.mosteirodeoia.com\/wp-content\/uploads\/2019\/03\/2-100x100.jpg 100w\" sizes=\"(max-width: 580px) 100vw, 580px\" \/>\n            <\/div>\n                <div class=\"cont_overlay\">\n            <h3>\n                1910            <\/h3>\n            <div class=\"texto_overlay\">\n                The monastery is rented to the Jesuits, who were expelled from Portugal. They were to be expelled from Spain in 1932.            <\/div>\n\n        <\/div>\n    <\/div>\n<\/div>\n                                <style type=\"text\/css\">\n    .overlay_item.overlay_item14.defecto_img_wrap {\n        background-color: #317775;\n    }\n\n<\/style>\n<div class=\"overlay_item col p-0 overlay_item14 \">\n    <div class=\"contenido_item_overlay\">\n                <div class=\"imagen_overlay\">\n                <img loading=\"lazy\" decoding=\"async\" width=\"640\" height=\"422\" src=\"https:\/\/www.mosteirodeoia.com\/wp-content\/uploads\/2019\/03\/1937-39.jpg\" class=\"imagen_listado_item wp-post-image\" alt=\"\" srcset=\"https:\/\/www.mosteirodeoia.com\/wp-content\/uploads\/2019\/03\/1937-39.jpg 706w, https:\/\/www.mosteirodeoia.com\/wp-content\/uploads\/2019\/03\/1937-39-300x198.jpg 300w, https:\/\/www.mosteirodeoia.com\/wp-content\/uploads\/2019\/03\/1937-39-600x396.jpg 600w\" sizes=\"(max-width: 640px) 100vw, 640px\" \/>\n            <\/div>\n                <div class=\"cont_overlay\">\n            <h3>\n                1937-1939            <\/h3>\n            <div class=\"texto_overlay\">\n                The Monastery was used as a jail for republican prisoners during the Civil War.            <\/div>\n\n        <\/div>\n    <\/div>\n<\/div>\n                                <style type=\"text\/css\">\n    .overlay_item.overlay_item15.defecto_img_wrap {\n        background-color: #317775;\n    }\n\n<\/style>\n<div class=\"overlay_item col p-0 overlay_item15 \">\n    <div class=\"contenido_item_overlay\">\n                <div class=\"imagen_overlay\">\n                <img loading=\"lazy\" decoding=\"async\" width=\"640\" height=\"395\" src=\"https:\/\/www.mosteirodeoia.com\/wp-content\/uploads\/2019\/03\/1945.jpg\" class=\"imagen_listado_item wp-post-image\" alt=\"\" srcset=\"https:\/\/www.mosteirodeoia.com\/wp-content\/uploads\/2019\/03\/1945.jpg 703w, https:\/\/www.mosteirodeoia.com\/wp-content\/uploads\/2019\/03\/1945-300x185.jpg 300w, https:\/\/www.mosteirodeoia.com\/wp-content\/uploads\/2019\/03\/1945-600x370.jpg 600w\" sizes=\"(max-width: 640px) 100vw, 640px\" \/>\n            <\/div>\n                <div class=\"cont_overlay\">\n            <h3>\n                1945            <\/h3>\n            <div class=\"texto_overlay\">\n                It is acquired by the Bouso family for 60,000 pesetas.            <\/div>\n\n        <\/div>\n    <\/div>\n<\/div>\n                                <style type=\"text\/css\">\n    .overlay_item.overlay_item16.defecto_img_wrap {\n        background-color: #722225;\n    }\n\n<\/style>\n<div class=\"overlay_item col p-0 overlay_item16 \">\n    <div class=\"contenido_item_overlay\">\n                <div class=\"imagen_overlay\">\n                <img loading=\"lazy\" decoding=\"async\" width=\"359\" height=\"511\" src=\"https:\/\/www.mosteirodeoia.com\/wp-content\/uploads\/2019\/03\/1969.jpg\" class=\"imagen_listado_item wp-post-image\" alt=\"\" srcset=\"https:\/\/www.mosteirodeoia.com\/wp-content\/uploads\/2019\/03\/1969.jpg 359w, https:\/\/www.mosteirodeoia.com\/wp-content\/uploads\/2019\/03\/1969-300x427.jpg 300w, https:\/\/www.mosteirodeoia.com\/wp-content\/uploads\/2019\/03\/1969-211x300.jpg 211w\" sizes=\"(max-width: 359px) 100vw, 359px\" \/>\n            <\/div>\n                <div class=\"cont_overlay\">\n            <h3>\n                1969            <\/h3>\n            <div class=\"texto_overlay\">\n                The film Esa mujer by Mario Camus and starring Sara Montiel is filmed in the Monastery.            <\/div>\n\n        <\/div>\n    <\/div>\n<\/div>\n                                <style type=\"text\/css\">\n    .overlay_item.overlay_item17.defecto_img_wrap {\n        background-color: #722225;\n    }\n\n<\/style>\n<div class=\"overlay_item col p-0 overlay_item17 \">\n    <div class=\"contenido_item_overlay\">\n                <div class=\"imagen_overlay\">\n                <img loading=\"lazy\" decoding=\"async\" width=\"640\" height=\"426\" src=\"https:\/\/www.mosteirodeoia.com\/wp-content\/uploads\/2019\/03\/1974.jpg\" class=\"imagen_listado_item wp-post-image\" alt=\"\" srcset=\"https:\/\/www.mosteirodeoia.com\/wp-content\/uploads\/2019\/03\/1974.jpg 1000w, https:\/\/www.mosteirodeoia.com\/wp-content\/uploads\/2019\/03\/1974-300x200.jpg 300w, https:\/\/www.mosteirodeoia.com\/wp-content\/uploads\/2019\/03\/1974-768x511.jpg 768w, https:\/\/www.mosteirodeoia.com\/wp-content\/uploads\/2019\/03\/1974-600x400.jpg 600w\" sizes=\"(max-width: 640px) 100vw, 640px\" \/>\n            <\/div>\n                <div class=\"cont_overlay\">\n            <h3>\n                1974            <\/h3>\n            <div class=\"texto_overlay\">\n                It is sold to Jos\u00e9 Gonz\u00e1lez Garc\u00eda for 6,400,000 pesetas.            <\/div>\n\n        <\/div>\n    <\/div>\n<\/div>\n                                <style type=\"text\/css\">\n    .overlay_item.overlay_item18.defecto_img_wrap {\n        background-color: #722225;\n    }\n\n<\/style>\n<div class=\"overlay_item col p-0 overlay_item18 \">\n    <div class=\"contenido_item_overlay\">\n                <div class=\"imagen_overlay\">\n                <img loading=\"lazy\" decoding=\"async\" width=\"580\" height=\"580\" src=\"https:\/\/www.mosteirodeoia.com\/wp-content\/uploads\/2019\/03\/3.jpg\" class=\"imagen_listado_item wp-post-image\" alt=\"\" srcset=\"https:\/\/www.mosteirodeoia.com\/wp-content\/uploads\/2019\/03\/3.jpg 580w, https:\/\/www.mosteirodeoia.com\/wp-content\/uploads\/2019\/03\/3-150x150.jpg 150w, https:\/\/www.mosteirodeoia.com\/wp-content\/uploads\/2019\/03\/3-300x300.jpg 300w, https:\/\/www.mosteirodeoia.com\/wp-content\/uploads\/2019\/03\/3-100x100.jpg 100w\" sizes=\"(max-width: 580px) 100vw, 580px\" \/>\n            <\/div>\n                <div class=\"cont_overlay\">\n            <h3>\n                1989            <\/h3>\n            <div class=\"texto_overlay\">\n                It is acquired by the Asturian group Corporaci\u00f3n Massaveu for 261,000,000 pesetas.            <\/div>\n\n        <\/div>\n    <\/div>\n<\/div>\n                                <style type=\"text\/css\">\n    .overlay_item.overlay_item19.defecto_img_wrap {\n        background-color: #1e6593;\n    }\n\n<\/style>\n<div class=\"overlay_item col p-0 overlay_item19 \">\n    <div class=\"contenido_item_overlay\">\n                <div class=\"imagen_overlay\">\n                <img loading=\"lazy\" decoding=\"async\" width=\"580\" height=\"580\" src=\"https:\/\/www.mosteirodeoia.com\/wp-content\/uploads\/2019\/03\/4.jpg\" class=\"imagen_listado_item wp-post-image\" alt=\"\" srcset=\"https:\/\/www.mosteirodeoia.com\/wp-content\/uploads\/2019\/03\/4.jpg 580w, https:\/\/www.mosteirodeoia.com\/wp-content\/uploads\/2019\/03\/4-150x150.jpg 150w, https:\/\/www.mosteirodeoia.com\/wp-content\/uploads\/2019\/03\/4-300x300.jpg 300w, https:\/\/www.mosteirodeoia.com\/wp-content\/uploads\/2019\/03\/4-100x100.jpg 100w\" sizes=\"(max-width: 580px) 100vw, 580px\" \/>\n            <\/div>\n                <div class=\"cont_overlay\">\n            <h3>\n                2000            <\/h3>\n            <div class=\"texto_overlay\">\n                It is sold to La Toja, S.A. (Banco Pastor) for 200,000,000 pesetas            <\/div>\n\n        <\/div>\n    <\/div>\n<\/div>\n                                <style type=\"text\/css\">\n    .overlay_item.overlay_item20.defecto_img_wrap {\n        background-color: #317775;\n    }\n\n<\/style>\n<div class=\"overlay_item col p-0 overlay_item20 \">\n    <div class=\"contenido_item_overlay\">\n                <div class=\"imagen_overlay\">\n                <img loading=\"lazy\" decoding=\"async\" width=\"580\" height=\"580\" src=\"https:\/\/www.mosteirodeoia.com\/wp-content\/uploads\/2019\/03\/real-monasterio.jpg\" class=\"imagen_listado_item wp-post-image\" alt=\"\" srcset=\"https:\/\/www.mosteirodeoia.com\/wp-content\/uploads\/2019\/03\/real-monasterio.jpg 580w, https:\/\/www.mosteirodeoia.com\/wp-content\/uploads\/2019\/03\/real-monasterio-150x150.jpg 150w, https:\/\/www.mosteirodeoia.com\/wp-content\/uploads\/2019\/03\/real-monasterio-300x300.jpg 300w, https:\/\/www.mosteirodeoia.com\/wp-content\/uploads\/2019\/03\/real-monasterio-100x100.jpg 100w\" sizes=\"(max-width: 580px) 100vw, 580px\" \/>\n            <\/div>\n                <div class=\"cont_overlay\">\n            <h3>\n                2004            <\/h3>\n            <div class=\"texto_overlay\">\n                Vasco Gallega acquires the Mnastery of Oia for 2.4 million and creates Sociedade Real Mosteiro de Oia.            <\/div>\n\n        <\/div>\n    <\/div>\n<\/div>\n                        <\/div>\n    <\/div>\n<\/div>\n\n<div style=\"height:30px\" aria-hidden=\"true\" class=\"wp-block-spacer\"><\/div>\n\n<div class=\"wp-block-hacce-wrapper bg_gris pt-5 pb-5\">\n<p style=\"text-align:center\" class=\"antetitulo\">Royal Monastery of Oia<\/p>\n\n\n\n<h2 class=\"wp-block-heading\" style=\"text-align:center\">Noticias<\/h2>\n\n\n\r\n<div class=\"container-fluid p-0\">\r\n    <div class=\"row pt-3 m-0\">\r\n                    <div class=\"col-md-6 col-lg-4 p-0\">\r\n            <div class=\"post_bg_img_item fake-a\">\n    <div class=\"imagen-loop-item\">\n                <img decoding=\"async\" src=\"https:\/\/www.mosteirodeoia.com\/wp-content\/uploads\/2019\/06\/Imagen1-6-1024x789.jpg\" alt=\"\" class=\"imagen_listado_item\" \/>\n\n    <\/div>\n    <div class=\"cont_noticia d-flex align-items-center justify-content-center\">\n        <div class=\"cont_noticia-agrupado\">\n        <h3>\n            <a href=\"https:\/\/www.mosteirodeoia.com\/en\/group-visits\/\">\n                Group visits            <\/a>\n        <\/h3>\n        <div class=\"texto_noticia\">\n            If you want to visit the Mosteiro with a group of more than 15&#8230;\n        <\/div>\n        <div class=\"btn_wrap\">\n            <button class=\" btn-link\">Read more <\/button>\n        <\/div>\n        <\/div>\n    <\/div>\n   \n\n\n<\/div>\n            <\/div>\r\n                    <div class=\"col-md-6 col-lg-4 p-0\">\r\n            <div class=\"post_bg_img_item fake-a\">\n    <div class=\"imagen-loop-item\">\n                <img decoding=\"async\" src=\"https:\/\/www.mosteirodeoia.com\/wp-content\/uploads\/2019\/02\/obras-1024x683.jpg\" alt=\"\" class=\"imagen_listado_item\" \/>\n\n    <\/div>\n    <div class=\"cont_noticia d-flex align-items-center justify-content-center\">\n        <div class=\"cont_noticia-agrupado\">\n        <h3>\n            <a href=\"https:\/\/www.mosteirodeoia.com\/en\/new-maintenance-works-in-the-monastery-of-oia\/\">\n                New maintenance works in the monastery of Oia            <\/a>\n        <\/h3>\n        <div class=\"texto_noticia\">\n            On 12th March, new maintenance works were started in the monastery. Arrangements were made&#8230;\n        <\/div>\n        <div class=\"btn_wrap\">\n            <button class=\" btn-link\">Read more <\/button>\n        <\/div>\n        <\/div>\n    <\/div>\n   \n\n\n<\/div>\n            <\/div>\r\n                    <div class=\"col-md-6 col-lg-4 p-0\">\r\n            <div class=\"post_bg_img_item fake-a\">\n    <div class=\"imagen-loop-item\">\n                <img decoding=\"async\" src=\"https:\/\/www.mosteirodeoia.com\/wp-content\/uploads\/2019\/02\/ruta-cister.png\" alt=\"\" class=\"imagen_listado_item\" \/>\n\n    <\/div>\n    <div class=\"cont_noticia d-flex align-items-center justify-content-center\">\n        <div class=\"cont_noticia-agrupado\">\n        <h3>\n            <a href=\"https:\/\/www.mosteirodeoia.com\/en\/the-monastery-of-oia-in-the-cistercian-route-in-galicia\/\">\n                The monastery of Oia in the Cistercian Route in&#8230;            <\/a>\n        <\/h3>\n        <div class=\"texto_noticia\">\n            The monastery of Oia is part of the Cistercian Route in Galicia, promoted by&#8230;\n        <\/div>\n        <div class=\"btn_wrap\">\n            <button class=\" btn-link\">Read more <\/button>\n        <\/div>\n        <\/div>\n    <\/div>\n   \n\n\n<\/div>\n            <\/div>\r\n            <\/div>\r\n    <div class=\"row m-0 text-center pt-4 justify-content-center\">\r\n        <div class=\"btn_wrap margin-auto\">\r\n            <a class=\"btn\" href=\"https:\/\/www.mosteirodeoia.com\/en\/news\/\">View all            <\/a>\r\n        <\/div>\r\n    <\/div>\r\n<\/div>\r\n<\/div>\n\n<p><\/p>\n","protected":false},"excerpt":{"rendered":"","protected":false},"author":1,"featured_media":0,"parent":0,"menu_order":0,"comment_status":"closed","ping_status":"closed","template":"","meta":{"_editorskit_title_hidden":false,"_editorskit_reading_time":0,"_editorskit_is_block_options_detached":false,"_editorskit_block_options_position":"{}","_coblocks_attr":"","_coblocks_dimensions":"","_coblocks_responsive_height":"","_coblocks_accordion_ie_support":"","footnotes":""},"class_list":["post-2192","page","type-page","status-publish","hentry"],"acf":[],"_links":{"self":[{"href":"https:\/\/www.mosteirodeoia.com\/en\/wp-json\/wp\/v2\/pages\/2192"}],"collection":[{"href":"https:\/\/www.mosteirodeoia.com\/en\/wp-json\/wp\/v2\/pages"}],"about":[{"href":"https:\/\/www.mosteirodeoia.com\/en\/wp-json\/wp\/v2\/types\/page"}],"author":[{"embeddable":true,"href":"https:\/\/www.mosteirodeoia.com\/en\/wp-json\/wp\/v2\/users\/1"}],"replies":[{"embeddable":true,"href":"https:\/\/www.mosteirodeoia.com\/en\/wp-json\/wp\/v2\/comments?post=2192"}],"version-history":[{"count":1,"href":"https:\/\/www.mosteirodeoia.com\/en\/wp-json\/wp\/v2\/pages\/2192\/revisions"}],"predecessor-version":[{"id":50751,"href":"https:\/\/www.mosteirodeoia.com\/en\/wp-json\/wp\/v2\/pages\/2192\/revisions\/50751"}],"wp:attachment":[{"href":"https:\/\/www.mosteirodeoia.com\/en\/wp-json\/wp\/v2\/media?parent=2192"}],"curies":[{"name":"wp","href":"https:\/\/api.w.org\/{rel}","templated":true}]}}